{"id":657,"date":"2016-07-05T02:30:46","date_gmt":"2016-07-05T02:30:46","guid":{"rendered":"http:\/\/sw-themes.com\/porto_dummy\/?page_id=562"},"modified":"2016-07-05T02:30:46","modified_gmt":"2016-07-05T02:30:46","slug":"posts","status":"publish","type":"page","link":"https:\/\/piscina.esportsmunicipalsalzira.com\/va\/posts\/","title":{"rendered":"Posts"},"content":{"rendered":"<p>[vc_row][vc_column][vc_custom_heading text=\u00bbPosts Shortcodes\u00bb use_theme_fonts=\u00bbyes\u00bb el_class=\u00bbshorter\u00bb][vc_column_text]You can show the posts with <strong>Porto Blog, Porto Recent Posts <\/strong>shortcodes.[\/vc_column_text][vc_separator color=\u00bbcustom\u00bb gap=\u00bbtall\u00bb gradient=\u00bbyes\u00bb][\/vc_column][\/vc_row][vc_row][vc_column]<div class=\"porto-recent-posts wpb_content_element\"><h4 class=\"wpb_heading\">Recent<\/h4>\t<div class=\"row\">\n\t\t<div class=\"post-carousel porto-carousel owl-carousel\" data-plugin-options=\"{&quot;themeConfig&quot;:true,&quot;lg&quot;:3,&quot;md&quot;:3,&quot;sm&quot;:2}\">\n\t\t\t<div class=\"post-slide\"><div class=\"post-item post-title-simple\">\n\t\t<a href=\"https:\/\/piscina.esportsmunicipalsalzira.com\/va\/meritoria-victoria-de-un-inter-b-rejuvenecido-ante-el-paterna-ciencias-valencia-29-12\/\"> <span class=\"post-image thumb-info thumb-info-hide-wrapper-bg m-b-md\"> <span class=\"thumb-info-wrapper\"> <img class=\"img-responsive\" width=\"450\" height=\"231\" src=\"https:\/\/piscina.esportsmunicipalsalzira.com\/wp-content\/uploads\/2021\/01\/51024-103845-21831924-450x231.jpg\" alt=\"\" \/>\n\t\t\t<span class=\"zoom\" data-src=\"https:\/\/piscina.esportsmunicipalsalzira.com\/wp-content\/uploads\/2021\/01\/51024-103845-21831924.jpg\" data-title=\"\"><i class=\"fas fa-search\"><\/i><\/span>\n\t\t<\/span> <\/span> <\/a>\n\t\t\t<div class=\"post-date\">\n\t\t<span class=\"day\">27<\/span><span class=\"month\">gen.<\/span><time>01\/27\/2021<\/time>\t<\/div>\n\t\t\t<h4><a href=\"https:\/\/piscina.esportsmunicipalsalzira.com\/va\/meritoria-victoria-de-un-inter-b-rejuvenecido-ante-el-paterna-ciencias-valencia-29-12\/\">\n\t\tMerit\u00f2ria vict\u00f2ria d&#39;un Inter &#39;B&#39;, rejovenit davant el Paterna Ci\u00e8ncies \/ Val\u00e8ncia (29-12)\t<\/a><\/h4>\n\t\t<div><p class=\"post-excerpt\">[vc_row][vc_column][vc_column_text]Tercera y meritoria victoria de los chicos de\u00a0Calabr\u00f3\u00a0que este s\u00e1bado rayaron a gran altura ante un rival, el Paterna...  <a class=\"read-more\" href=\"https:\/\/piscina.esportsmunicipalsalzira.com\/va\/meritoria-victoria-de-un-inter-b-rejuvenecido-ante-el-paterna-ciencias-valencia-29-12\/\">read more <i class=\"fas fa-angle-right\"><\/i><\/a><\/p><\/div> <\/div>\n<\/div><div class=\"post-slide\"><div class=\"post-item post-title-simple\">\n\t\t<a href=\"https:\/\/piscina.esportsmunicipalsalzira.com\/va\/manu-canet-sha-proclamat-bronze-despanya-a-la-prova-de-llancament-de-pes-sub16\/\"> <span class=\"post-image thumb-info thumb-info-hide-wrapper-bg m-b-md\"> <span class=\"thumb-info-wrapper\"> <img class=\"img-responsive\" width=\"450\" height=\"231\" src=\"https:\/\/piscina.esportsmunicipalsalzira.com\/wp-content\/uploads\/2021\/01\/51120-103979-76486579-450x231.jpg\" alt=\"\" \/>\n\t\t\t<span class=\"zoom\" data-src=\"https:\/\/piscina.esportsmunicipalsalzira.com\/wp-content\/uploads\/2021\/01\/51120-103979-76486579.jpg\" data-title=\"\"><i class=\"fas fa-search\"><\/i><\/span>\n\t\t<\/span> <\/span> <\/a>\n\t\t\t<div class=\"post-date\">\n\t\t<span class=\"day\">27<\/span><span class=\"month\">gen.<\/span><time>01\/27\/2021<\/time>\t<\/div>\n\t\t\t<h4><a href=\"https:\/\/piscina.esportsmunicipalsalzira.com\/va\/manu-canet-sha-proclamat-bronze-despanya-a-la-prova-de-llancament-de-pes-sub16\/\">\n\t\tManu Canet s&#39;a proclamat bronze d&#39;Espanya a la prova de llan\u00e7ament de pes sub-16\t<\/a><\/h4>\n\t\t<div><p class=\"post-excerpt\">[vc_row][vc_column][vc_column_text]Recentment es disputava el campionat d'Espanya sub16 de pista coberta a Madrid (campionat que va ser ajornat per la...  <a class=\"read-more\" href=\"https:\/\/piscina.esportsmunicipalsalzira.com\/va\/manu-canet-sha-proclamat-bronze-despanya-a-la-prova-de-llancament-de-pes-sub16\/\">read more <i class=\"fas fa-angle-right\"><\/i><\/a><\/p><\/div> <\/div>\n<\/div><div class=\"post-slide\"><div class=\"post-item post-title-simple\">\n\t\t<a href=\"https:\/\/piscina.esportsmunicipalsalzira.com\/va\/el-nou-basquet-alzira-torna-amb-bones-sensacions\/\"> <span class=\"post-image thumb-info thumb-info-hide-wrapper-bg m-b-md\"> <span class=\"thumb-info-wrapper\"> <img class=\"img-responsive\" width=\"450\" height=\"231\" src=\"https:\/\/piscina.esportsmunicipalsalzira.com\/wp-content\/uploads\/2021\/01\/51210-104093-99718792-450x231.jpg\" alt=\"\" \/>\n\t\t\t<span class=\"zoom\" data-src=\"https:\/\/piscina.esportsmunicipalsalzira.com\/wp-content\/uploads\/2021\/01\/51210-104093-99718792.jpg\" data-title=\"\"><i class=\"fas fa-search\"><\/i><\/span>\n\t\t<\/span> <\/span> <\/a>\n\t\t\t<div class=\"post-date\">\n\t\t<span class=\"day\">27<\/span><span class=\"month\">gen.<\/span><time>01\/27\/2021<\/time>\t<\/div>\n\t\t\t<h4><a href=\"https:\/\/piscina.esportsmunicipalsalzira.com\/va\/el-nou-basquet-alzira-torna-amb-bones-sensacions\/\">\n\t\tEl Nou B\u00e0squet Alzira torna amb bones sensacions\t<\/a><\/h4>\n\t\t<div><p class=\"post-excerpt\">[vc_row][vc_column][vc_column_text]Despr\u00e9s d\u2019un impecable inici de temporada amb set vict\u00f2ries consecutives, el N.B. Alzira se\u2019n va anar de vacances amb...  <a class=\"read-more\" href=\"https:\/\/piscina.esportsmunicipalsalzira.com\/va\/el-nou-basquet-alzira-torna-amb-bones-sensacions\/\">read more <i class=\"fas fa-angle-right\"><\/i><\/a><\/p><\/div> <\/div>\n<\/div>\t\t<\/div>\n\t<\/div>\n\t<\/div>[vc_empty_space height=\u00bb20px\u00bb][\/vc_column][\/vc_row][vc_row][vc_column][vc_separator color=\u00bbcustom\u00bb gap=\u00bbtall\u00bb gradient=\u00bbyes\u00bb]<div id=\"porto-blog-2600\" class=\"porto-blog wpb_content_element\"><h4 class=\"wpb_heading\">Timeline<\/h4>\n\t\t<div class=\"blog-posts posts-timeline\">\n\t\t\t<section class=\"timeline\">\n\t\t\t\t<div class=\"timeline-body\">\n\n\t\t\t<div class=\"timeline-date\"><h3>gener 2021<\/h3><\/div>\n\t<article class=\"timeline-box left post-title-simple post-3062 post type-post status-publish format-standard has-post-thumbnail hentry category-noticies\">\n\t\t\t<div class=\"post-image single\">\n\t\t<div class=\"post-slideshow porto-carousel owl-carousel nav-inside nav-inside-center nav-style-2 show-nav-hover has-ccols ccols-1\" data-plugin-options='{\"nav\":true}'>\n\t\t\t\t\t\t\t\t\t\t\t<a href=\"https:\/\/piscina.esportsmunicipalsalzira.com\/va\/meritoria-victoria-de-un-inter-b-rejuvenecido-ante-el-paterna-ciencias-valencia-29-12\/\">\n\t\t\t\t\t\t\t\t<div class=\"img-thumbnail\">\n\t\t\t\t\t\t<img width=\"640\" height=\"418\" src=\"https:\/\/piscina.esportsmunicipalsalzira.com\/wp-content\/uploads\/2021\/01\/51024-103845-21831924-640x418.jpg\" class=\"owl-lazy img-responsive\" alt=\"\" loading=\"lazy\" srcset=\"https:\/\/piscina.esportsmunicipalsalzira.com\/wp-content\/uploads\/2021\/01\/51024-103845-21831924-640x418.jpg 640w, https:\/\/piscina.esportsmunicipalsalzira.com\/wp-content\/uploads\/2021\/01\/51024-103845-21831924-400x261.jpg 400w, https:\/\/piscina.esportsmunicipalsalzira.com\/wp-content\/uploads\/2021\/01\/51024-103845-21831924-367x239.jpg 367w, https:\/\/piscina.esportsmunicipalsalzira.com\/wp-content\/uploads\/2021\/01\/51024-103845-21831924-560x367.jpg 560w\" sizes=\"(max-width: 640px) 100vw, 640px\" \/>\t\t\t\t\t\t\t\t\t\t\t\t\t<span class=\"zoom\" data-src=\"https:\/\/piscina.esportsmunicipalsalzira.com\/wp-content\/uploads\/2021\/01\/51024-103845-21831924.jpg\" data-title=\"\"><i class=\"fas fa-search\"><\/i><\/span>\n\t\t\t\t\t\t\t\t\t\t\t<\/div>\n\t\t\t\t\t\t\t\t<\/a>\n\t\t\t\t\t\t\t\t<\/div>\n\t\t\n\t\t\t<\/div>\n\n\t\t<!-- Post meta before content -->\n\t\t\t\n\t\t\t<div class=\"post-content\">\n\t\t\t\t<h4 class=\"entry-title\"><a href=\"https:\/\/piscina.esportsmunicipalsalzira.com\/va\/meritoria-victoria-de-un-inter-b-rejuvenecido-ante-el-paterna-ciencias-valencia-29-12\/\">Merit\u00f2ria vict\u00f2ria d&#39;un Inter &#39;B&#39;, rejovenit davant el Paterna Ci\u00e8ncies \/ Val\u00e8ncia (29-12)<\/a><\/h4>\n\t\t\t\t<span class=\"vcard\" style=\"display: none;\"><span class=\"fn\"><a href=\"https:\/\/piscina.esportsmunicipalsalzira.com\/va\/author\/roberta\/\" title=\"Entrades de roberta\" rel=\"author\">roberta<\/a><\/span><\/span><span class=\"updated\" style=\"display:none\">2021-01-27T12: 30: 30 + 01: 00<\/span><p class=\"post-excerpt\">[vc_row][vc_column][vc_column_text]Tercera y meritoria victoria de los chicos de\u00a0Calabr\u00f3\u00a0que este s\u00e1bado rayaron a gran altura ante un rival, el Paterna Ciencias\/Valencia\u00a0con m\u00e1s oficio.\u00a0Sobre el c\u00e9sped de \"El Vergeret\" de Tavernes, el Inter \"B\" hizo un gran partido ante un rival que con su veteran\u00eda puso las cosas dif\u00edciles a los...<\/p>\n\t\t\t\t\n\t\t\t<\/div>\n\n\t\t\t<!-- Post meta after content -->\n\t\t\t\t<div class=\"post-meta\"><span class=\"meta-date\"><i class=\"far fa-calendar-alt\"><\/i>01\/27\/2021<\/span><\/div><div class=\"post-meta\"><span class=\"meta-author\"><i class=\"far fa-user\"><\/i>By <a href=\"https:\/\/piscina.esportsmunicipalsalzira.com\/va\/author\/roberta\/\" title=\"Entrades de roberta\" rel=\"author\">roberta<\/a><\/span><span class=\"meta-cats\"><i class=\"far fa-folder\"><\/i><a href=\"https:\/\/piscina.esportsmunicipalsalzira.com\/va\/category\/noticies\/\" rel=\"category tag\">noticies<\/a><\/span><span class=\"meta-comments\"><i class=\"far fa-comments\"><\/i><a href=\"https:\/\/piscina.esportsmunicipalsalzira.com\/va\/meritoria-victoria-de-un-inter-b-rejuvenecido-ante-el-paterna-ciencias-valencia-29-12\/#respond\" title=\"Comment on Meritoria victoria de un Inter &#8216;B&#8217;, rejuvenecido ante el Paterna Ciencias \/ Valencia (29-12)\">0 Comments<\/a><\/span><\/div>\n\t\t\t<div class=\"clearfix\">\n\t\t\t\t<a class=\"btn btn-xs btn-default text-xs text-uppercase\" href=\"https:\/\/piscina.esportsmunicipalsalzira.com\/va\/meritoria-victoria-de-un-inter-b-rejuvenecido-ante-el-paterna-ciencias-valencia-29-12\/\">Read more...<\/a>\n\t\t\t<\/div>\n\t\t\t<\/article>\n\t<article class=\"timeline-box right post-title-simple post-3058 post type-post status-publish format-standard has-post-thumbnail hentry category-noticies\">\n\t\t\t<div class=\"post-image single\">\n\t\t<div class=\"post-slideshow porto-carousel owl-carousel nav-inside nav-inside-center nav-style-2 show-nav-hover has-ccols ccols-1\" data-plugin-options='{\"nav\":true}'>\n\t\t\t\t\t\t\t\t\t\t\t<a href=\"https:\/\/piscina.esportsmunicipalsalzira.com\/va\/manu-canet-sha-proclamat-bronze-despanya-a-la-prova-de-llancament-de-pes-sub16\/\">\n\t\t\t\t\t\t\t\t<div class=\"img-thumbnail\">\n\t\t\t\t\t\t<img width=\"640\" height=\"480\" src=\"https:\/\/piscina.esportsmunicipalsalzira.com\/wp-content\/uploads\/2021\/01\/51120-103979-76486579-640x480.jpg\" class=\"owl-lazy img-responsive\" alt=\"\" loading=\"lazy\" srcset=\"https:\/\/piscina.esportsmunicipalsalzira.com\/wp-content\/uploads\/2021\/01\/51120-103979-76486579-640x480.jpg 640w, https:\/\/piscina.esportsmunicipalsalzira.com\/wp-content\/uploads\/2021\/01\/51120-103979-76486579-463x348.jpg 463w, https:\/\/piscina.esportsmunicipalsalzira.com\/wp-content\/uploads\/2021\/01\/51120-103979-76486579-400x300.jpg 400w, https:\/\/piscina.esportsmunicipalsalzira.com\/wp-content\/uploads\/2021\/01\/51120-103979-76486579-367x275.jpg 367w\" sizes=\"(max-width: 640px) 100vw, 640px\" \/>\t\t\t\t\t\t\t\t\t\t\t\t\t<span class=\"zoom\" data-src=\"https:\/\/piscina.esportsmunicipalsalzira.com\/wp-content\/uploads\/2021\/01\/51120-103979-76486579.jpg\" data-title=\"\"><i class=\"fas fa-search\"><\/i><\/span>\n\t\t\t\t\t\t\t\t\t\t\t<\/div>\n\t\t\t\t\t\t\t\t<\/a>\n\t\t\t\t\t\t\t\t<\/div>\n\t\t\n\t\t\t<\/div>\n\n\t\t<!-- Post meta before content -->\n\t\t\t\n\t\t\t<div class=\"post-content\">\n\t\t\t\t<h4 class=\"entry-title\"><a href=\"https:\/\/piscina.esportsmunicipalsalzira.com\/va\/manu-canet-sha-proclamat-bronze-despanya-a-la-prova-de-llancament-de-pes-sub16\/\">Manu Canet s&#39;a proclamat bronze d&#39;Espanya a la prova de llan\u00e7ament de pes sub-16<\/a><\/h4>\n\t\t\t\t<span class=\"vcard\" style=\"display: none;\"><span class=\"fn\"><a href=\"https:\/\/piscina.esportsmunicipalsalzira.com\/va\/author\/roberta\/\" title=\"Entrades de roberta\" rel=\"author\">roberta<\/a><\/span><\/span><span class=\"updated\" style=\"display:none\">2021-01-27T12: 29: 18 + 01: 00<\/span><p class=\"post-excerpt\">[vc_row][vc_column][vc_column_text]Recentment es disputava el campionat d'Espanya sub16 de pista coberta a Madrid (campionat que va ser ajornat per la Covid-19). Es disputava a porta tancada, nom\u00e9s podien passar els atletes i entrenador a les instal\u00b7lacions, per\u00f2 la federaci\u00f3 d'atletisme ho va retransmetre per internet per a tots aquells que...<\/p>\n\t\t\t\t\n\t\t\t<\/div>\n\n\t\t\t<!-- Post meta after content -->\n\t\t\t\t<div class=\"post-meta\"><span class=\"meta-date\"><i class=\"far fa-calendar-alt\"><\/i>01\/27\/2021<\/span><\/div><div class=\"post-meta\"><span class=\"meta-author\"><i class=\"far fa-user\"><\/i>By <a href=\"https:\/\/piscina.esportsmunicipalsalzira.com\/va\/author\/roberta\/\" title=\"Entrades de roberta\" rel=\"author\">roberta<\/a><\/span><span class=\"meta-cats\"><i class=\"far fa-folder\"><\/i><a href=\"https:\/\/piscina.esportsmunicipalsalzira.com\/va\/category\/noticies\/\" rel=\"category tag\">noticies<\/a><\/span><span class=\"meta-comments\"><i class=\"far fa-comments\"><\/i><a href=\"https:\/\/piscina.esportsmunicipalsalzira.com\/va\/manu-canet-sha-proclamat-bronze-despanya-a-la-prova-de-llancament-de-pes-sub16\/#respond\" title=\"Comment on Manu Canet s\u2019ha proclamat bronze d&#8217;Espanya a la prova de llan\u00e7ament de pes sub16\">0 Comments<\/a><\/span><\/div>\n\t\t\t<div class=\"clearfix\">\n\t\t\t\t<a class=\"btn btn-xs btn-default text-xs text-uppercase\" href=\"https:\/\/piscina.esportsmunicipalsalzira.com\/va\/manu-canet-sha-proclamat-bronze-despanya-a-la-prova-de-llancament-de-pes-sub16\/\">Read more...<\/a>\n\t\t\t<\/div>\n\t\t\t<\/article>\n\n\t\n\t\t\t\t<\/div>\n\t\t\t<\/section>\n\t\t<\/div>\n\n\t\n\t\n\t<\/div>[vc_empty_space height=\u00bb20px\u00bb][\/vc_column][\/vc_row][vc_row][vc_column][vc_separator color=\u00bbcustom\u00bb gap=\u00bbtall\u00bb gradient=\u00bbyes\u00bb]<div id=\"porto-blog-7980\" class=\"porto-blog wpb_content_element\"><h4 class=\"wpb_heading\">Grid<\/h4>\t\t<div class=\"blog-posts posts-grid\">\n\t\t\t<div class=\"posts-container row\">\n\t\t\n<article class=\"post post-grid col-md-6 col-lg-4 post-title-simple post-3062 post type-post status-publish format-standard has-post-thumbnail hentry category-noticies\">\n\t<div class=\"grid-box\">\n\t\t\t<div class=\"post-image single\">\n\t\t<div class=\"post-slideshow porto-carousel owl-carousel nav-inside nav-inside-center nav-style-2 show-nav-hover has-ccols ccols-1\" data-plugin-options='{\"nav\":true}'>\n\t\t\t\t\t\t\t\t\t\t\t<a href=\"https:\/\/piscina.esportsmunicipalsalzira.com\/va\/meritoria-victoria-de-un-inter-b-rejuvenecido-ante-el-paterna-ciencias-valencia-29-12\/\">\n\t\t\t\t\t\t\t\t<div class=\"img-thumbnail\">\n\t\t\t\t\t\t<img width=\"400\" height=\"300\" src=\"https:\/\/piscina.esportsmunicipalsalzira.com\/wp-content\/uploads\/2021\/01\/51024-103845-21831924-400x300.jpg\" class=\"owl-lazy img-responsive\" alt=\"\" loading=\"lazy\" \/>\t\t\t\t\t\t\t\t\t\t\t\t\t<span class=\"zoom\" data-src=\"https:\/\/piscina.esportsmunicipalsalzira.com\/wp-content\/uploads\/2021\/01\/51024-103845-21831924.jpg\" data-title=\"\"><i class=\"fas fa-search\"><\/i><\/span>\n\t\t\t\t\t\t\t\t\t\t\t<\/div>\n\t\t\t\t\t\t\t\t<\/a>\n\t\t\t\t\t\t\t\t<\/div>\n\t\t\n\t\t\t<\/div>\n\n\t\t<!-- Post meta before content -->\n\t\t\t\t<div class=\"post-content\">\n\n\t\t\t<h4 class=\"entry-title\"><a href=\"https:\/\/piscina.esportsmunicipalsalzira.com\/va\/meritoria-victoria-de-un-inter-b-rejuvenecido-ante-el-paterna-ciencias-valencia-29-12\/\">Merit\u00f2ria vict\u00f2ria d&#39;un Inter &#39;B&#39;, rejovenit davant el Paterna Ci\u00e8ncies \/ Val\u00e8ncia (29-12)<\/a><\/h4>\n\t\t\t<span class=\"vcard\" style=\"display: none;\"><span class=\"fn\"><a href=\"https:\/\/piscina.esportsmunicipalsalzira.com\/va\/author\/roberta\/\" title=\"Entrades de roberta\" rel=\"author\">roberta<\/a><\/span><\/span><span class=\"updated\" style=\"display:none\">2021-01-27T12: 30: 30 + 01: 00<\/span><p class=\"post-excerpt\">[vc_row][vc_column][vc_column_text]Tercera y meritoria victoria de los chicos de\u00a0Calabr\u00f3\u00a0que este s\u00e1bado rayaron a gran altura ante un rival, el Paterna Ciencias\/Valencia\u00a0con m\u00e1s oficio.\u00a0Sobre el c\u00e9sped de \"El Vergeret\" de Tavernes, el Inter \"B\" hizo un gran partido ante un rival que con su veteran\u00eda puso las cosas dif\u00edciles a los...<\/p>\t\t\t\t\t<\/div>\n\t\t<!-- Post meta after content -->\n\t\t<div class=\"post-meta\"><span class=\"meta-date\"><i class=\"far fa-calendar-alt\"><\/i>01\/27\/2021<\/span><\/div><div class=\"post-meta\"><span class=\"meta-author\"><i class=\"far fa-user\"><\/i>By <a href=\"https:\/\/piscina.esportsmunicipalsalzira.com\/va\/author\/roberta\/\" title=\"Entrades de roberta\" rel=\"author\">roberta<\/a><\/span><span class=\"meta-cats\"><i class=\"far fa-folder\"><\/i><a href=\"https:\/\/piscina.esportsmunicipalsalzira.com\/va\/category\/noticies\/\" rel=\"category tag\">noticies<\/a><\/span><span class=\"meta-comments\"><i class=\"far fa-comments\"><\/i><a href=\"https:\/\/piscina.esportsmunicipalsalzira.com\/va\/meritoria-victoria-de-un-inter-b-rejuvenecido-ante-el-paterna-ciencias-valencia-29-12\/#respond\" title=\"Comment on Meritoria victoria de un Inter &#8216;B&#8217;, rejuvenecido ante el Paterna Ciencias \/ Valencia (29-12)\">0 Comments<\/a><\/span><\/div>\t\t<div class=\"clearfix\">\n\t\t\t<a class=\"btn btn-xs btn-default text-xs text-uppercase btn-readmore\" href=\"https:\/\/piscina.esportsmunicipalsalzira.com\/va\/meritoria-victoria-de-un-inter-b-rejuvenecido-ante-el-paterna-ciencias-valencia-29-12\/\">Read more...<\/a>\n\t\t<\/div>\n\t<\/div>\n<\/article>\n\n<article class=\"post post-grid col-md-6 col-lg-4 post-title-simple post-3058 post type-post status-publish format-standard has-post-thumbnail hentry category-noticies\">\n\t<div class=\"grid-box\">\n\t\t\t<div class=\"post-image single\">\n\t\t<div class=\"post-slideshow porto-carousel owl-carousel nav-inside nav-inside-center nav-style-2 show-nav-hover has-ccols ccols-1\" data-plugin-options='{\"nav\":true}'>\n\t\t\t\t\t\t\t\t\t\t\t<a href=\"https:\/\/piscina.esportsmunicipalsalzira.com\/va\/manu-canet-sha-proclamat-bronze-despanya-a-la-prova-de-llancament-de-pes-sub16\/\">\n\t\t\t\t\t\t\t\t<div class=\"img-thumbnail\">\n\t\t\t\t\t\t<img width=\"400\" height=\"300\" src=\"https:\/\/piscina.esportsmunicipalsalzira.com\/wp-content\/uploads\/2021\/01\/51120-103979-76486579-400x300.jpg\" class=\"owl-lazy img-responsive\" alt=\"\" loading=\"lazy\" srcset=\"https:\/\/piscina.esportsmunicipalsalzira.com\/wp-content\/uploads\/2021\/01\/51120-103979-76486579-400x300.jpg 400w, https:\/\/piscina.esportsmunicipalsalzira.com\/wp-content\/uploads\/2021\/01\/51120-103979-76486579-367x275.jpg 367w\" sizes=\"(max-width: 400px) 100vw, 400px\" \/>\t\t\t\t\t\t\t\t\t\t\t\t\t<span class=\"zoom\" data-src=\"https:\/\/piscina.esportsmunicipalsalzira.com\/wp-content\/uploads\/2021\/01\/51120-103979-76486579.jpg\" data-title=\"\"><i class=\"fas fa-search\"><\/i><\/span>\n\t\t\t\t\t\t\t\t\t\t\t<\/div>\n\t\t\t\t\t\t\t\t<\/a>\n\t\t\t\t\t\t\t\t<\/div>\n\t\t\n\t\t\t<\/div>\n\n\t\t<!-- Post meta before content -->\n\t\t\t\t<div class=\"post-content\">\n\n\t\t\t<h4 class=\"entry-title\"><a href=\"https:\/\/piscina.esportsmunicipalsalzira.com\/va\/manu-canet-sha-proclamat-bronze-despanya-a-la-prova-de-llancament-de-pes-sub16\/\">Manu Canet s&#39;a proclamat bronze d&#39;Espanya a la prova de llan\u00e7ament de pes sub-16<\/a><\/h4>\n\t\t\t<span class=\"vcard\" style=\"display: none;\"><span class=\"fn\"><a href=\"https:\/\/piscina.esportsmunicipalsalzira.com\/va\/author\/roberta\/\" title=\"Entrades de roberta\" rel=\"author\">roberta<\/a><\/span><\/span><span class=\"updated\" style=\"display:none\">2021-01-27T12: 29: 18 + 01: 00<\/span><p class=\"post-excerpt\">[vc_row][vc_column][vc_column_text]Recentment es disputava el campionat d'Espanya sub16 de pista coberta a Madrid (campionat que va ser ajornat per la Covid-19). Es disputava a porta tancada, nom\u00e9s podien passar els atletes i entrenador a les instal\u00b7lacions, per\u00f2 la federaci\u00f3 d'atletisme ho va retransmetre per internet per a tots aquells que...<\/p>\t\t\t\t\t<\/div>\n\t\t<!-- Post meta after content -->\n\t\t<div class=\"post-meta\"><span class=\"meta-date\"><i class=\"far fa-calendar-alt\"><\/i>01\/27\/2021<\/span><\/div><div class=\"post-meta\"><span class=\"meta-author\"><i class=\"far fa-user\"><\/i>By <a href=\"https:\/\/piscina.esportsmunicipalsalzira.com\/va\/author\/roberta\/\" title=\"Entrades de roberta\" rel=\"author\">roberta<\/a><\/span><span class=\"meta-cats\"><i class=\"far fa-folder\"><\/i><a href=\"https:\/\/piscina.esportsmunicipalsalzira.com\/va\/category\/noticies\/\" rel=\"category tag\">noticies<\/a><\/span><span class=\"meta-comments\"><i class=\"far fa-comments\"><\/i><a href=\"https:\/\/piscina.esportsmunicipalsalzira.com\/va\/manu-canet-sha-proclamat-bronze-despanya-a-la-prova-de-llancament-de-pes-sub16\/#respond\" title=\"Comment on Manu Canet s\u2019ha proclamat bronze d&#8217;Espanya a la prova de llan\u00e7ament de pes sub16\">0 Comments<\/a><\/span><\/div>\t\t<div class=\"clearfix\">\n\t\t\t<a class=\"btn btn-xs btn-default text-xs text-uppercase btn-readmore\" href=\"https:\/\/piscina.esportsmunicipalsalzira.com\/va\/manu-canet-sha-proclamat-bronze-despanya-a-la-prova-de-llancament-de-pes-sub16\/\">Read more...<\/a>\n\t\t<\/div>\n\t<\/div>\n<\/article>\n\n<article class=\"post post-grid col-md-6 col-lg-4 post-title-simple post-3055 post type-post status-publish format-standard has-post-thumbnail hentry category-noticies\">\n\t<div class=\"grid-box\">\n\t\t\t<div class=\"post-image single\">\n\t\t<div class=\"post-slideshow porto-carousel owl-carousel nav-inside nav-inside-center nav-style-2 show-nav-hover has-ccols ccols-1\" data-plugin-options='{\"nav\":true}'>\n\t\t\t\t\t\t\t\t\t\t\t<a href=\"https:\/\/piscina.esportsmunicipalsalzira.com\/va\/el-nou-basquet-alzira-torna-amb-bones-sensacions\/\">\n\t\t\t\t\t\t\t\t<div class=\"img-thumbnail\">\n\t\t\t\t\t\t<img width=\"400\" height=\"300\" src=\"https:\/\/piscina.esportsmunicipalsalzira.com\/wp-content\/uploads\/2021\/01\/51210-104093-99718792-400x300.jpg\" class=\"owl-lazy img-responsive\" alt=\"\" loading=\"lazy\" \/>\t\t\t\t\t\t\t\t\t\t\t\t\t<span class=\"zoom\" data-src=\"https:\/\/piscina.esportsmunicipalsalzira.com\/wp-content\/uploads\/2021\/01\/51210-104093-99718792.jpg\" data-title=\"\"><i class=\"fas fa-search\"><\/i><\/span>\n\t\t\t\t\t\t\t\t\t\t\t<\/div>\n\t\t\t\t\t\t\t\t<\/a>\n\t\t\t\t\t\t\t\t<\/div>\n\t\t\n\t\t\t<\/div>\n\n\t\t<!-- Post meta before content -->\n\t\t\t\t<div class=\"post-content\">\n\n\t\t\t<h4 class=\"entry-title\"><a href=\"https:\/\/piscina.esportsmunicipalsalzira.com\/va\/el-nou-basquet-alzira-torna-amb-bones-sensacions\/\">El Nou B\u00e0squet Alzira torna amb bones sensacions<\/a><\/h4>\n\t\t\t<span class=\"vcard\" style=\"display: none;\"><span class=\"fn\"><a href=\"https:\/\/piscina.esportsmunicipalsalzira.com\/va\/author\/roberta\/\" title=\"Entrades de roberta\" rel=\"author\">roberta<\/a><\/span><\/span><span class=\"updated\" style=\"display:none\">2021-01-27T12: 26: 05 + 01: 00<\/span><p class=\"post-excerpt\">[vc_row][vc_column][vc_column_text]Despr\u00e9s d\u2019un impecable inici de temporada amb set vict\u00f2ries consecutives, el N.B. Alzira se\u2019n va anar de vacances amb certs dubtes, provocats per les derrotes patides en les dos \u00faltimes jornades disputades abans de les festes de Nadal i Any Nou. Esta situaci\u00f3 obligava als jugadors de Roberto Craig,...<\/p>\t\t\t\t\t<\/div>\n\t\t<!-- Post meta after content -->\n\t\t<div class=\"post-meta\"><span class=\"meta-date\"><i class=\"far fa-calendar-alt\"><\/i>01\/27\/2021<\/span><\/div><div class=\"post-meta\"><span class=\"meta-author\"><i class=\"far fa-user\"><\/i>By <a href=\"https:\/\/piscina.esportsmunicipalsalzira.com\/va\/author\/roberta\/\" title=\"Entrades de roberta\" rel=\"author\">roberta<\/a><\/span><span class=\"meta-cats\"><i class=\"far fa-folder\"><\/i><a href=\"https:\/\/piscina.esportsmunicipalsalzira.com\/va\/category\/noticies\/\" rel=\"category tag\">noticies<\/a><\/span><span class=\"meta-comments\"><i class=\"far fa-comments\"><\/i><a href=\"https:\/\/piscina.esportsmunicipalsalzira.com\/va\/el-nou-basquet-alzira-torna-amb-bones-sensacions\/#respond\" title=\"Comment on El Nou B\u00e0squet Alzira torna amb bones sensacions\">0 Comments<\/a><\/span><\/div>\t\t<div class=\"clearfix\">\n\t\t\t<a class=\"btn btn-xs btn-default text-xs text-uppercase btn-readmore\" href=\"https:\/\/piscina.esportsmunicipalsalzira.com\/va\/el-nou-basquet-alzira-torna-amb-bones-sensacions\/\">Read more...<\/a>\n\t\t<\/div>\n\t<\/div>\n<\/article>\n\n\t\n\t\t\t<\/div>\n\t\t<\/div>\n\n\t\n\t\n\t<\/div>[vc_empty_space height=\u00bb20px\u00bb][\/vc_column][\/vc_row][vc_row][vc_column][vc_separator color=\u00bbcustom\u00bb gap=\u00bbtall\u00bb gradient=\u00bbyes\u00bb]<div id=\"porto-blog-8642\" class=\"porto-blog wpb_content_element\"><h4 class=\"wpb_heading\">Masonry<\/h4>\t\t<div class=\"blog-posts posts-masonry\">\n\t\t\t<div class=\"posts-container row\">\n\t\t\n<article class=\"post post-masonry col-md-6 col-lg-4 post-title-simple post-3062 post type-post status-publish format-standard has-post-thumbnail hentry category-noticies\">\n\n\t<div class=\"grid-box\">\n\t\t\t<div class=\"post-image single\">\n\t\t<div class=\"post-slideshow porto-carousel owl-carousel nav-inside nav-inside-center nav-style-2 show-nav-hover has-ccols ccols-1\" data-plugin-options='{\"nav\":true}'>\n\t\t\t\t\t\t\t\t\t\t\t<a href=\"https:\/\/piscina.esportsmunicipalsalzira.com\/va\/meritoria-victoria-de-un-inter-b-rejuvenecido-ante-el-paterna-ciencias-valencia-29-12\/\">\n\t\t\t\t\t\t\t\t<div class=\"img-thumbnail\">\n\t\t\t\t\t\t<img width=\"400\" height=\"261\" src=\"https:\/\/piscina.esportsmunicipalsalzira.com\/wp-content\/uploads\/2021\/01\/51024-103845-21831924-400x261.jpg\" class=\"owl-lazy img-responsive\" alt=\"\" loading=\"lazy\" srcset=\"https:\/\/piscina.esportsmunicipalsalzira.com\/wp-content\/uploads\/2021\/01\/51024-103845-21831924-400x261.jpg 400w, https:\/\/piscina.esportsmunicipalsalzira.com\/wp-content\/uploads\/2021\/01\/51024-103845-21831924-367x239.jpg 367w\" sizes=\"(max-width: 400px) 100vw, 400px\" \/>\t\t\t\t\t\t\t\t\t\t\t\t\t<span class=\"zoom\" data-src=\"https:\/\/piscina.esportsmunicipalsalzira.com\/wp-content\/uploads\/2021\/01\/51024-103845-21831924.jpg\" data-title=\"\"><i class=\"fas fa-search\"><\/i><\/span>\n\t\t\t\t\t\t\t\t\t\t\t<\/div>\n\t\t\t\t\t\t\t\t<\/a>\n\t\t\t\t\t\t\t\t<\/div>\n\t\t\n\t\t\t<\/div>\n\n\t\t<!-- Post meta before content -->\n\t\t\t\t<div class=\"post-content\">\n\n\t\t\t\n\t\t\t<h4 class=\"entry-title\"><a href=\"https:\/\/piscina.esportsmunicipalsalzira.com\/va\/meritoria-victoria-de-un-inter-b-rejuvenecido-ante-el-paterna-ciencias-valencia-29-12\/\">Merit\u00f2ria vict\u00f2ria d&#39;un Inter &#39;B&#39;, rejovenit davant el Paterna Ci\u00e8ncies \/ Val\u00e8ncia (29-12)<\/a><\/h4>\n\t\t\t<span class=\"vcard\" style=\"display: none;\"><span class=\"fn\"><a href=\"https:\/\/piscina.esportsmunicipalsalzira.com\/va\/author\/roberta\/\" title=\"Entrades de roberta\" rel=\"author\">roberta<\/a><\/span><\/span><span class=\"updated\" style=\"display:none\">2021-01-27T12: 30: 30 + 01: 00<\/span><p class=\"post-excerpt\">[vc_row][vc_column][vc_column_text]Tercera y meritoria victoria de los chicos de\u00a0Calabr\u00f3\u00a0que este s\u00e1bado rayaron a gran altura ante un rival, el Paterna Ciencias\/Valencia\u00a0con m\u00e1s oficio.\u00a0Sobre el c\u00e9sped de \"El Vergeret\" de Tavernes, el Inter \"B\" hizo un gran partido ante un rival que con su veteran\u00eda puso las cosas dif\u00edciles a los...<\/p>\t\t\t\t\t<\/div>\n\t\t<!-- Post meta after content -->\n\t\t<div class=\"post-meta\"><span class=\"meta-date\"><i class=\"far fa-calendar-alt\"><\/i>01\/27\/2021<\/span><\/div><div class=\"post-meta\"><span class=\"meta-author\"><i class=\"far fa-user\"><\/i>By <a href=\"https:\/\/piscina.esportsmunicipalsalzira.com\/va\/author\/roberta\/\" title=\"Entrades de roberta\" rel=\"author\">roberta<\/a><\/span><span class=\"meta-cats\"><i class=\"far fa-folder\"><\/i><a href=\"https:\/\/piscina.esportsmunicipalsalzira.com\/va\/category\/noticies\/\" rel=\"category tag\">noticies<\/a><\/span><span class=\"meta-comments\"><i class=\"far fa-comments\"><\/i><a href=\"https:\/\/piscina.esportsmunicipalsalzira.com\/va\/meritoria-victoria-de-un-inter-b-rejuvenecido-ante-el-paterna-ciencias-valencia-29-12\/#respond\" title=\"Comment on Meritoria victoria de un Inter &#8216;B&#8217;, rejuvenecido ante el Paterna Ciencias \/ Valencia (29-12)\">0 Comments<\/a><\/span><\/div>\t\t<div class=\"clearfix\">\n\t\t\t<a class=\"btn btn-xs btn-default text-xs text-uppercase\" href=\"https:\/\/piscina.esportsmunicipalsalzira.com\/va\/meritoria-victoria-de-un-inter-b-rejuvenecido-ante-el-paterna-ciencias-valencia-29-12\/\">Read more...<\/a>\n\t\t<\/div>\n\t<\/div>\n<\/article>\n\n<article class=\"post post-masonry col-md-6 col-lg-4 post-title-simple post-3058 post type-post status-publish format-standard has-post-thumbnail hentry category-noticies\">\n\n\t<div class=\"grid-box\">\n\t\t\t<div class=\"post-image single\">\n\t\t<div class=\"post-slideshow porto-carousel owl-carousel nav-inside nav-inside-center nav-style-2 show-nav-hover has-ccols ccols-1\" data-plugin-options='{\"nav\":true}'>\n\t\t\t\t\t\t\t\t\t\t\t<a href=\"https:\/\/piscina.esportsmunicipalsalzira.com\/va\/manu-canet-sha-proclamat-bronze-despanya-a-la-prova-de-llancament-de-pes-sub16\/\">\n\t\t\t\t\t\t\t\t<div class=\"img-thumbnail\">\n\t\t\t\t\t\t<img width=\"400\" height=\"300\" src=\"https:\/\/piscina.esportsmunicipalsalzira.com\/wp-content\/uploads\/2021\/01\/51120-103979-76486579-400x300.jpg\" class=\"owl-lazy img-responsive\" alt=\"\" loading=\"lazy\" srcset=\"https:\/\/piscina.esportsmunicipalsalzira.com\/wp-content\/uploads\/2021\/01\/51120-103979-76486579-400x300.jpg 400w, https:\/\/piscina.esportsmunicipalsalzira.com\/wp-content\/uploads\/2021\/01\/51120-103979-76486579-367x275.jpg 367w\" sizes=\"(max-width: 400px) 100vw, 400px\" \/>\t\t\t\t\t\t\t\t\t\t\t\t\t<span class=\"zoom\" data-src=\"https:\/\/piscina.esportsmunicipalsalzira.com\/wp-content\/uploads\/2021\/01\/51120-103979-76486579.jpg\" data-title=\"\"><i class=\"fas fa-search\"><\/i><\/span>\n\t\t\t\t\t\t\t\t\t\t\t<\/div>\n\t\t\t\t\t\t\t\t<\/a>\n\t\t\t\t\t\t\t\t<\/div>\n\t\t\n\t\t\t<\/div>\n\n\t\t<!-- Post meta before content -->\n\t\t\t\t<div class=\"post-content\">\n\n\t\t\t\n\t\t\t<h4 class=\"entry-title\"><a href=\"https:\/\/piscina.esportsmunicipalsalzira.com\/va\/manu-canet-sha-proclamat-bronze-despanya-a-la-prova-de-llancament-de-pes-sub16\/\">Manu Canet s&#39;a proclamat bronze d&#39;Espanya a la prova de llan\u00e7ament de pes sub-16<\/a><\/h4>\n\t\t\t<span class=\"vcard\" style=\"display: none;\"><span class=\"fn\"><a href=\"https:\/\/piscina.esportsmunicipalsalzira.com\/va\/author\/roberta\/\" title=\"Entrades de roberta\" rel=\"author\">roberta<\/a><\/span><\/span><span class=\"updated\" style=\"display:none\">2021-01-27T12: 29: 18 + 01: 00<\/span><p class=\"post-excerpt\">[vc_row][vc_column][vc_column_text]Recentment es disputava el campionat d'Espanya sub16 de pista coberta a Madrid (campionat que va ser ajornat per la Covid-19). Es disputava a porta tancada, nom\u00e9s podien passar els atletes i entrenador a les instal\u00b7lacions, per\u00f2 la federaci\u00f3 d'atletisme ho va retransmetre per internet per a tots aquells que...<\/p>\t\t\t\t\t<\/div>\n\t\t<!-- Post meta after content -->\n\t\t<div class=\"post-meta\"><span class=\"meta-date\"><i class=\"far fa-calendar-alt\"><\/i>01\/27\/2021<\/span><\/div><div class=\"post-meta\"><span class=\"meta-author\"><i class=\"far fa-user\"><\/i>By <a href=\"https:\/\/piscina.esportsmunicipalsalzira.com\/va\/author\/roberta\/\" title=\"Entrades de roberta\" rel=\"author\">roberta<\/a><\/span><span class=\"meta-cats\"><i class=\"far fa-folder\"><\/i><a href=\"https:\/\/piscina.esportsmunicipalsalzira.com\/va\/category\/noticies\/\" rel=\"category tag\">noticies<\/a><\/span><span class=\"meta-comments\"><i class=\"far fa-comments\"><\/i><a href=\"https:\/\/piscina.esportsmunicipalsalzira.com\/va\/manu-canet-sha-proclamat-bronze-despanya-a-la-prova-de-llancament-de-pes-sub16\/#respond\" title=\"Comment on Manu Canet s\u2019ha proclamat bronze d&#8217;Espanya a la prova de llan\u00e7ament de pes sub16\">0 Comments<\/a><\/span><\/div>\t\t<div class=\"clearfix\">\n\t\t\t<a class=\"btn btn-xs btn-default text-xs text-uppercase\" href=\"https:\/\/piscina.esportsmunicipalsalzira.com\/va\/manu-canet-sha-proclamat-bronze-despanya-a-la-prova-de-llancament-de-pes-sub16\/\">Read more...<\/a>\n\t\t<\/div>\n\t<\/div>\n<\/article>\n\n<article class=\"post post-masonry col-md-6 col-lg-4 post-title-simple post-3055 post type-post status-publish format-standard has-post-thumbnail hentry category-noticies\">\n\n\t<div class=\"grid-box\">\n\t\t\t<div class=\"post-image single\">\n\t\t<div class=\"post-slideshow porto-carousel owl-carousel nav-inside nav-inside-center nav-style-2 show-nav-hover has-ccols ccols-1\" data-plugin-options='{\"nav\":true}'>\n\t\t\t\t\t\t\t\t\t\t\t<a href=\"https:\/\/piscina.esportsmunicipalsalzira.com\/va\/el-nou-basquet-alzira-torna-amb-bones-sensacions\/\">\n\t\t\t\t\t\t\t\t<div class=\"img-thumbnail\">\n\t\t\t\t\t\t<img width=\"400\" height=\"275\" src=\"https:\/\/piscina.esportsmunicipalsalzira.com\/wp-content\/uploads\/2021\/01\/51210-104093-99718792-400x275.jpg\" class=\"owl-lazy img-responsive\" alt=\"\" loading=\"lazy\" srcset=\"https:\/\/piscina.esportsmunicipalsalzira.com\/wp-content\/uploads\/2021\/01\/51210-104093-99718792-400x275.jpg 400w, https:\/\/piscina.esportsmunicipalsalzira.com\/wp-content\/uploads\/2021\/01\/51210-104093-99718792-367x253.jpg 367w\" sizes=\"(max-width: 400px) 100vw, 400px\" \/>\t\t\t\t\t\t\t\t\t\t\t\t\t<span class=\"zoom\" data-src=\"https:\/\/piscina.esportsmunicipalsalzira.com\/wp-content\/uploads\/2021\/01\/51210-104093-99718792.jpg\" data-title=\"\"><i class=\"fas fa-search\"><\/i><\/span>\n\t\t\t\t\t\t\t\t\t\t\t<\/div>\n\t\t\t\t\t\t\t\t<\/a>\n\t\t\t\t\t\t\t\t<\/div>\n\t\t\n\t\t\t<\/div>\n\n\t\t<!-- Post meta before content -->\n\t\t\t\t<div class=\"post-content\">\n\n\t\t\t\n\t\t\t<h4 class=\"entry-title\"><a href=\"https:\/\/piscina.esportsmunicipalsalzira.com\/va\/el-nou-basquet-alzira-torna-amb-bones-sensacions\/\">El Nou B\u00e0squet Alzira torna amb bones sensacions<\/a><\/h4>\n\t\t\t<span class=\"vcard\" style=\"display: none;\"><span class=\"fn\"><a href=\"https:\/\/piscina.esportsmunicipalsalzira.com\/va\/author\/roberta\/\" title=\"Entrades de roberta\" rel=\"author\">roberta<\/a><\/span><\/span><span class=\"updated\" style=\"display:none\">2021-01-27T12: 26: 05 + 01: 00<\/span><p class=\"post-excerpt\">[vc_row][vc_column][vc_column_text]Despr\u00e9s d\u2019un impecable inici de temporada amb set vict\u00f2ries consecutives, el N.B. Alzira se\u2019n va anar de vacances amb certs dubtes, provocats per les derrotes patides en les dos \u00faltimes jornades disputades abans de les festes de Nadal i Any Nou. Esta situaci\u00f3 obligava als jugadors de Roberto Craig,...<\/p>\t\t\t\t\t<\/div>\n\t\t<!-- Post meta after content -->\n\t\t<div class=\"post-meta\"><span class=\"meta-date\"><i class=\"far fa-calendar-alt\"><\/i>01\/27\/2021<\/span><\/div><div class=\"post-meta\"><span class=\"meta-author\"><i class=\"far fa-user\"><\/i>By <a href=\"https:\/\/piscina.esportsmunicipalsalzira.com\/va\/author\/roberta\/\" title=\"Entrades de roberta\" rel=\"author\">roberta<\/a><\/span><span class=\"meta-cats\"><i class=\"far fa-folder\"><\/i><a href=\"https:\/\/piscina.esportsmunicipalsalzira.com\/va\/category\/noticies\/\" rel=\"category tag\">noticies<\/a><\/span><span class=\"meta-comments\"><i class=\"far fa-comments\"><\/i><a href=\"https:\/\/piscina.esportsmunicipalsalzira.com\/va\/el-nou-basquet-alzira-torna-amb-bones-sensacions\/#respond\" title=\"Comment on El Nou B\u00e0squet Alzira torna amb bones sensacions\">0 Comments<\/a><\/span><\/div>\t\t<div class=\"clearfix\">\n\t\t\t<a class=\"btn btn-xs btn-default text-xs text-uppercase\" href=\"https:\/\/piscina.esportsmunicipalsalzira.com\/va\/el-nou-basquet-alzira-torna-amb-bones-sensacions\/\">Read more...<\/a>\n\t\t<\/div>\n\t<\/div>\n<\/article>\n\n\t\n\t\t\t<\/div>\n\t\t<\/div>\n\n\t\n\t\n\t<\/div>[vc_empty_space height=\u00bb20px\u00bb][\/vc_column][\/vc_row][vc_row][vc_column][vc_separator color=\u00bbcustom\u00bb gap=\u00bbtall\u00bb gradient=\u00bbyes\u00bb]<div id=\"porto-blog-9084\" class=\"porto-blog wpb_content_element\"><h4 class=\"wpb_heading\">No Margins<\/h4>\t\t<div class=\"blog-posts posts-grid blog-posts-no_margin\">\n\t\t\t<div class=\"posts-container row\">\n\t\t\n<article class=\"post post-grid col-md-6 post-title-simple post-3062 post type-post status-publish format-standard has-post-thumbnail hentry category-noticies\">\n\n\n\t<div class=\"thumb-info thumb-info-no-borders thumb-info-bottom-info thumb-info-lighten thumb-info-bottom-info-dark thumb-info-centered-icons\">\n\t\t<div class=\"thumb-info-wrapper\">\n\t\t\t<div class=\"post-image\">\n\t\t\t\t<img width=\"640\" height=\"480\" src=\"https:\/\/piscina.esportsmunicipalsalzira.com\/wp-content\/uploads\/2021\/01\/51024-103845-21831924-640x480.jpg\" alt=\"\" \/>\n\t\t\t<\/div>\n\t\t\t\t\t\t<div class=\"thumb-info-title\">\n\t\t\t\t\t\t\t<h3 class=\"thumb-info-inner\">Merit\u00f2ria vict\u00f2ria d&#39;un Inter &#39;B&#39;, rejovenit davant el Paterna Ci\u00e8ncies \/ Val\u00e8ncia (29-12)<\/h3>\n\t\t\t\t\t\t\t\t\t\t<\/div>\n\t\t\t<span class=\"thumb-info-action\">\n\t\t\t\t<a href=\"https:\/\/piscina.esportsmunicipalsalzira.com\/va\/meritoria-victoria-de-un-inter-b-rejuvenecido-ante-el-paterna-ciencias-valencia-29-12\/\">\n\t\t\t\t\t<span class=\"thumb-info-action-icon thumb-info-action-icon-light\"><i class=\"fas fa-link text-dark\"><\/i><\/span>\n\t\t\t\t<\/a>\n\t\t\t<\/span>\n\t\t<\/div>\n\t<\/div>\n<\/article>\n\n<article class=\"post post-grid col-md-6 post-title-simple post-3058 post type-post status-publish format-standard has-post-thumbnail hentry category-noticies\">\n\n\n\t<div class=\"thumb-info thumb-info-no-borders thumb-info-bottom-info thumb-info-lighten thumb-info-bottom-info-dark thumb-info-centered-icons\">\n\t\t<div class=\"thumb-info-wrapper\">\n\t\t\t<div class=\"post-image\">\n\t\t\t\t<img width=\"640\" height=\"480\" src=\"https:\/\/piscina.esportsmunicipalsalzira.com\/wp-content\/uploads\/2021\/01\/51120-103979-76486579-640x480.jpg\" alt=\"\" \/>\n\t\t\t<\/div>\n\t\t\t\t\t\t<div class=\"thumb-info-title\">\n\t\t\t\t\t\t\t<h3 class=\"thumb-info-inner\">Manu Canet s&#39;a proclamat bronze d&#39;Espanya a la prova de llan\u00e7ament de pes sub-16<\/h3>\n\t\t\t\t\t\t\t\t\t\t<\/div>\n\t\t\t<span class=\"thumb-info-action\">\n\t\t\t\t<a href=\"https:\/\/piscina.esportsmunicipalsalzira.com\/va\/manu-canet-sha-proclamat-bronze-despanya-a-la-prova-de-llancament-de-pes-sub16\/\">\n\t\t\t\t\t<span class=\"thumb-info-action-icon thumb-info-action-icon-light\"><i class=\"fas fa-link text-dark\"><\/i><\/span>\n\t\t\t\t<\/a>\n\t\t\t<\/span>\n\t\t<\/div>\n\t<\/div>\n<\/article>\n\n<article class=\"post post-grid col-md-6 post-title-simple post-3055 post type-post status-publish format-standard has-post-thumbnail hentry category-noticies\">\n\n\n\t<div class=\"thumb-info thumb-info-no-borders thumb-info-bottom-info thumb-info-lighten thumb-info-bottom-info-dark thumb-info-centered-icons\">\n\t\t<div class=\"thumb-info-wrapper\">\n\t\t\t<div class=\"post-image\">\n\t\t\t\t<img width=\"600\" height=\"413\" src=\"https:\/\/piscina.esportsmunicipalsalzira.com\/wp-content\/uploads\/2021\/01\/51210-104093-99718792.jpg\" alt=\"\" \/>\n\t\t\t<\/div>\n\t\t\t\t\t\t<div class=\"thumb-info-title\">\n\t\t\t\t\t\t\t<h3 class=\"thumb-info-inner\">El Nou B\u00e0squet Alzira torna amb bones sensacions<\/h3>\n\t\t\t\t\t\t\t\t\t\t<\/div>\n\t\t\t<span class=\"thumb-info-action\">\n\t\t\t\t<a href=\"https:\/\/piscina.esportsmunicipalsalzira.com\/va\/el-nou-basquet-alzira-torna-amb-bones-sensacions\/\">\n\t\t\t\t\t<span class=\"thumb-info-action-icon thumb-info-action-icon-light\"><i class=\"fas fa-link text-dark\"><\/i><\/span>\n\t\t\t\t<\/a>\n\t\t\t<\/span>\n\t\t<\/div>\n\t<\/div>\n<\/article>\n\n\t\n\t\t\t<\/div>\n\t\t<\/div>\n\n\t\n\t\n\t<\/div>[vc_empty_space height=\u00bb20px\u00bb][\/vc_column][\/vc_row][vc_row][vc_column][vc_separator color=\u00bbcustom\u00bb gap=\u00bbtall\u00bb gradient=\u00bbyes\u00bb]<div id=\"porto-blog-3244\" class=\"porto-blog wpb_content_element\"><h4 class=\"wpb_heading\">Medium<\/h4>\n\t\t<div class=\"blog-posts posts-medium\">\n\n\t\t\n<article id=\"post-3062\" class=\"post post-medium post-title-simple post-3062 post type-post status-publish format-standard has-post-thumbnail hentry category-noticies\">\n\t<!-- Post meta before content -->\n\t\t<div class=\"row\">\n\t\t\t<div class=\"col-lg-5\">\n\t\t\t\t<div class=\"post-image single\">\n\t\t<div class=\"post-slideshow porto-carousel owl-carousel nav-inside nav-inside-center nav-style-2 show-nav-hover has-ccols ccols-1\" data-plugin-options='{\"nav\":true}'>\n\t\t\t\t\t\t\t\t\t\t\t<a href=\"https:\/\/piscina.esportsmunicipalsalzira.com\/va\/meritoria-victoria-de-un-inter-b-rejuvenecido-ante-el-paterna-ciencias-valencia-29-12\/\">\n\t\t\t\t\t\t\t\t<div class=\"img-thumbnail\">\n\t\t\t\t\t\t<img width=\"463\" height=\"348\" src=\"https:\/\/piscina.esportsmunicipalsalzira.com\/wp-content\/uploads\/2021\/01\/51024-103845-21831924-463x348.jpg\" class=\"owl-lazy img-responsive\" alt=\"\" loading=\"lazy\" srcset=\"https:\/\/piscina.esportsmunicipalsalzira.com\/wp-content\/uploads\/2021\/01\/51024-103845-21831924-463x348.jpg 463w, https:\/\/piscina.esportsmunicipalsalzira.com\/wp-content\/uploads\/2021\/01\/51024-103845-21831924-400x300.jpg 400w\" sizes=\"(max-width: 463px) 100vw, 463px\" \/>\t\t\t\t\t\t\t\t\t\t\t\t\t<span class=\"zoom\" data-src=\"https:\/\/piscina.esportsmunicipalsalzira.com\/wp-content\/uploads\/2021\/01\/51024-103845-21831924.jpg\" data-title=\"\"><i class=\"fas fa-search\"><\/i><\/span>\n\t\t\t\t\t\t\t\t\t\t\t<\/div>\n\t\t\t\t\t\t\t\t<\/a>\n\t\t\t\t\t\t\t\t<\/div>\n\t\t\n\t\t\t<\/div>\n\t\t<\/div>\n\t\t<div class=\"col-lg-7\">\n\t\n\t\t\t<div class=\"post-content\">\n\n\t\t\t\t\n\t\t\t\t<h2 class=\"entry-title\"><a href=\"https:\/\/piscina.esportsmunicipalsalzira.com\/va\/meritoria-victoria-de-un-inter-b-rejuvenecido-ante-el-paterna-ciencias-valencia-29-12\/\">Merit\u00f2ria vict\u00f2ria d&#39;un Inter &#39;B&#39;, rejovenit davant el Paterna Ci\u00e8ncies \/ Val\u00e8ncia (29-12)<\/a><\/h2>\n\n\t\t\t\t<span class=\"vcard\" style=\"display: none;\"><span class=\"fn\"><a href=\"https:\/\/piscina.esportsmunicipalsalzira.com\/va\/author\/roberta\/\" title=\"Entrades de roberta\" rel=\"author\">roberta<\/a><\/span><\/span><span class=\"updated\" style=\"display:none\">2021-01-27T12: 30: 30 + 01: 00<\/span><p class=\"post-excerpt\">[vc_row][vc_column][vc_column_text]Tercera y meritoria victoria de los chicos de\u00a0Calabr\u00f3\u00a0que este s\u00e1bado rayaron a gran altura ante un rival, el Paterna Ciencias\/Valencia\u00a0con m\u00e1s oficio.\u00a0Sobre el c\u00e9sped de \"El Vergeret\" de Tavernes, el Inter \"B\" hizo un gran partido ante un rival que con su veteran\u00eda puso las cosas dif\u00edciles a los...<\/p>\n\t\t\t<\/div>\n\t\t<\/div>\n\t<\/div>\n\n\t<!-- Post meta after content -->\n\t<div class=\"post-meta\"><span class=\"meta-date\"><i class=\"far fa-calendar-alt\"><\/i>01\/27\/2021<\/span><span class=\"meta-author\"><i class=\"far fa-user\"><\/i>By <a href=\"https:\/\/piscina.esportsmunicipalsalzira.com\/va\/author\/roberta\/\" title=\"Entrades de roberta\" rel=\"author\">roberta<\/a><\/span><span class=\"meta-cats\"><i class=\"far fa-folder\"><\/i><a href=\"https:\/\/piscina.esportsmunicipalsalzira.com\/va\/category\/noticies\/\" rel=\"category tag\">noticies<\/a><\/span><span class=\"meta-comments\"><i class=\"far fa-comments\"><\/i><a href=\"https:\/\/piscina.esportsmunicipalsalzira.com\/va\/meritoria-victoria-de-un-inter-b-rejuvenecido-ante-el-paterna-ciencias-valencia-29-12\/#respond\" title=\"Comment on Meritoria victoria de un Inter &#8216;B&#8217;, rejuvenecido ante el Paterna Ciencias \/ Valencia (29-12)\">0 Comments<\/a><\/span><span class=\"d-block float-sm-right mt-3 mt-sm-0\"><a class=\"btn btn-xs btn-default text-xs text-uppercase\" href=\"https:\/\/piscina.esportsmunicipalsalzira.com\/va\/meritoria-victoria-de-un-inter-b-rejuvenecido-ante-el-paterna-ciencias-valencia-29-12\/\">Read more...<\/a><\/span><\/div>\n<\/article>\n\n<article id=\"post-3058\" class=\"post post-medium post-title-simple post-3058 post type-post status-publish format-standard has-post-thumbnail hentry category-noticies\">\n\t<!-- Post meta before content -->\n\t\t<div class=\"row\">\n\t\t\t<div class=\"col-lg-5\">\n\t\t\t\t<div class=\"post-image single\">\n\t\t<div class=\"post-slideshow porto-carousel owl-carousel nav-inside nav-inside-center nav-style-2 show-nav-hover has-ccols ccols-1\" data-plugin-options='{\"nav\":true}'>\n\t\t\t\t\t\t\t\t\t\t\t<a href=\"https:\/\/piscina.esportsmunicipalsalzira.com\/va\/manu-canet-sha-proclamat-bronze-despanya-a-la-prova-de-llancament-de-pes-sub16\/\">\n\t\t\t\t\t\t\t\t<div class=\"img-thumbnail\">\n\t\t\t\t\t\t<img width=\"463\" height=\"348\" src=\"https:\/\/piscina.esportsmunicipalsalzira.com\/wp-content\/uploads\/2021\/01\/51120-103979-76486579-463x348.jpg\" class=\"owl-lazy img-responsive\" alt=\"\" loading=\"lazy\" srcset=\"https:\/\/piscina.esportsmunicipalsalzira.com\/wp-content\/uploads\/2021\/01\/51120-103979-76486579-463x348.jpg 463w, https:\/\/piscina.esportsmunicipalsalzira.com\/wp-content\/uploads\/2021\/01\/51120-103979-76486579-400x300.jpg 400w, https:\/\/piscina.esportsmunicipalsalzira.com\/wp-content\/uploads\/2021\/01\/51120-103979-76486579-367x275.jpg 367w\" sizes=\"(max-width: 463px) 100vw, 463px\" \/>\t\t\t\t\t\t\t\t\t\t\t\t\t<span class=\"zoom\" data-src=\"https:\/\/piscina.esportsmunicipalsalzira.com\/wp-content\/uploads\/2021\/01\/51120-103979-76486579.jpg\" data-title=\"\"><i class=\"fas fa-search\"><\/i><\/span>\n\t\t\t\t\t\t\t\t\t\t\t<\/div>\n\t\t\t\t\t\t\t\t<\/a>\n\t\t\t\t\t\t\t\t<\/div>\n\t\t\n\t\t\t<\/div>\n\t\t<\/div>\n\t\t<div class=\"col-lg-7\">\n\t\n\t\t\t<div class=\"post-content\">\n\n\t\t\t\t\n\t\t\t\t<h2 class=\"entry-title\"><a href=\"https:\/\/piscina.esportsmunicipalsalzira.com\/va\/manu-canet-sha-proclamat-bronze-despanya-a-la-prova-de-llancament-de-pes-sub16\/\">Manu Canet s&#39;a proclamat bronze d&#39;Espanya a la prova de llan\u00e7ament de pes sub-16<\/a><\/h2>\n\n\t\t\t\t<span class=\"vcard\" style=\"display: none;\"><span class=\"fn\"><a href=\"https:\/\/piscina.esportsmunicipalsalzira.com\/va\/author\/roberta\/\" title=\"Entrades de roberta\" rel=\"author\">roberta<\/a><\/span><\/span><span class=\"updated\" style=\"display:none\">2021-01-27T12: 29: 18 + 01: 00<\/span><p class=\"post-excerpt\">[vc_row][vc_column][vc_column_text]Recentment es disputava el campionat d'Espanya sub16 de pista coberta a Madrid (campionat que va ser ajornat per la Covid-19). Es disputava a porta tancada, nom\u00e9s podien passar els atletes i entrenador a les instal\u00b7lacions, per\u00f2 la federaci\u00f3 d'atletisme ho va retransmetre per internet per a tots aquells que...<\/p>\n\t\t\t<\/div>\n\t\t<\/div>\n\t<\/div>\n\n\t<!-- Post meta after content -->\n\t<div class=\"post-meta\"><span class=\"meta-date\"><i class=\"far fa-calendar-alt\"><\/i>01\/27\/2021<\/span><span class=\"meta-author\"><i class=\"far fa-user\"><\/i>By <a href=\"https:\/\/piscina.esportsmunicipalsalzira.com\/va\/author\/roberta\/\" title=\"Entrades de roberta\" rel=\"author\">roberta<\/a><\/span><span class=\"meta-cats\"><i class=\"far fa-folder\"><\/i><a href=\"https:\/\/piscina.esportsmunicipalsalzira.com\/va\/category\/noticies\/\" rel=\"category tag\">noticies<\/a><\/span><span class=\"meta-comments\"><i class=\"far fa-comments\"><\/i><a href=\"https:\/\/piscina.esportsmunicipalsalzira.com\/va\/manu-canet-sha-proclamat-bronze-despanya-a-la-prova-de-llancament-de-pes-sub16\/#respond\" title=\"Comment on Manu Canet s\u2019ha proclamat bronze d&#8217;Espanya a la prova de llan\u00e7ament de pes sub16\">0 Comments<\/a><\/span><span class=\"d-block float-sm-right mt-3 mt-sm-0\"><a class=\"btn btn-xs btn-default text-xs text-uppercase\" href=\"https:\/\/piscina.esportsmunicipalsalzira.com\/va\/manu-canet-sha-proclamat-bronze-despanya-a-la-prova-de-llancament-de-pes-sub16\/\">Read more...<\/a><\/span><\/div>\n<\/article>\n\n\t\n\t\t<\/div>\n\n\t\n\t\n\t<\/div>[vc_empty_space height=\u00bb20px\u00bb][\/vc_column][\/vc_row][vc_row][vc_column][vc_separator color=\u00bbcustom\u00bb gap=\u00bbtall\u00bb gradient=\u00bbyes\u00bb]<div id=\"porto-blog-9366\" class=\"porto-blog wpb_content_element\"><h4 class=\"wpb_heading\">Large<\/h4>\n\t\t<div class=\"blog-posts posts-large\">\n\n\t\t<article class=\"post post-large post-title-simple post-3062 post type-post status-publish format-standard has-post-thumbnail hentry category-noticies\">\n\t\t<div class=\"post-image single\">\n\t\t<div class=\"post-slideshow porto-carousel owl-carousel nav-inside nav-inside-center nav-style-2 show-nav-hover has-ccols ccols-1\" data-plugin-options='{\"nav\":true}'>\n\t\t\t\t\t\t\t\t\t\t\t<a href=\"https:\/\/piscina.esportsmunicipalsalzira.com\/va\/meritoria-victoria-de-un-inter-b-rejuvenecido-ante-el-paterna-ciencias-valencia-29-12\/\">\n\t\t\t\t\t\t\t\t<div class=\"img-thumbnail\">\n\t\t\t\t\t\t<img width=\"800\" height=\"445\" src=\"https:\/\/piscina.esportsmunicipalsalzira.com\/wp-content\/uploads\/2021\/01\/51024-103845-21831924-800x445.jpg\" class=\"owl-lazy img-responsive\" alt=\"\" loading=\"lazy\" \/>\t\t\t\t\t\t\t\t\t\t\t\t\t<span class=\"zoom\" data-src=\"https:\/\/piscina.esportsmunicipalsalzira.com\/wp-content\/uploads\/2021\/01\/51024-103845-21831924.jpg\" data-title=\"\"><i class=\"fas fa-search\"><\/i><\/span>\n\t\t\t\t\t\t\t\t\t\t\t<\/div>\n\t\t\t\t\t\t\t\t<\/a>\n\t\t\t\t\t\t\t\t<\/div>\n\t\t\n\t\t\t<\/div>\n\n\t\t\t<div class=\"post-date\">\n\t\t\t<span class=\"day\">27<\/span><span class=\"month\">gen.<\/span><time>01\/27\/2021<\/time>\t\t<\/div>\n\t\n\t<!-- Post meta before content -->\n\t\n\n\t<div class=\"post-content\">\n\t\t\t\t<h2 class=\"entry-title\"><a href=\"https:\/\/piscina.esportsmunicipalsalzira.com\/va\/meritoria-victoria-de-un-inter-b-rejuvenecido-ante-el-paterna-ciencias-valencia-29-12\/\">Merit\u00f2ria vict\u00f2ria d&#39;un Inter &#39;B&#39;, rejovenit davant el Paterna Ci\u00e8ncies \/ Val\u00e8ncia (29-12)<\/a><\/h2>\n\t\t<span class=\"vcard\" style=\"display: none;\"><span class=\"fn\"><a href=\"https:\/\/piscina.esportsmunicipalsalzira.com\/va\/author\/roberta\/\" title=\"Entrades de roberta\" rel=\"author\">roberta<\/a><\/span><\/span><span class=\"updated\" style=\"display:none\">2021-01-27T12: 30: 30 + 01: 00<\/span><p class=\"post-excerpt\">[vc_row][vc_column][vc_column_text]Tercera y meritoria victoria de los chicos de\u00a0Calabr\u00f3\u00a0que este s\u00e1bado rayaron a gran altura ante un rival, el Paterna Ciencias\/Valencia\u00a0con m\u00e1s oficio.\u00a0Sobre el c\u00e9sped de \"El Vergeret\" de Tavernes, el Inter \"B\" hizo un gran partido ante un rival que con su veteran\u00eda puso las cosas dif\u00edciles a los...<\/p>\t<\/div>\n\t<!-- Post meta after content -->\n\t<div class=\"post-meta\"><span class=\"meta-author\"><i class=\"far fa-user\"><\/i>By <a href=\"https:\/\/piscina.esportsmunicipalsalzira.com\/va\/author\/roberta\/\" title=\"Entrades de roberta\" rel=\"author\">roberta<\/a><\/span><span class=\"meta-cats\"><i class=\"far fa-folder\"><\/i><a href=\"https:\/\/piscina.esportsmunicipalsalzira.com\/va\/category\/noticies\/\" rel=\"category tag\">noticies<\/a><\/span><span class=\"meta-comments\"><i class=\"far fa-comments\"><\/i><a href=\"https:\/\/piscina.esportsmunicipalsalzira.com\/va\/meritoria-victoria-de-un-inter-b-rejuvenecido-ante-el-paterna-ciencias-valencia-29-12\/#respond\" title=\"Comment on Meritoria victoria de un Inter &#8216;B&#8217;, rejuvenecido ante el Paterna Ciencias \/ Valencia (29-12)\">0 Comments<\/a><\/span><span class=\"d-block float-sm-right mt-3 mt-sm-0\"><a class=\"btn btn-xs btn-default text-xs text-uppercase\" href=\"https:\/\/piscina.esportsmunicipalsalzira.com\/va\/meritoria-victoria-de-un-inter-b-rejuvenecido-ante-el-paterna-ciencias-valencia-29-12\/\">Read more...<\/a><\/span><\/div>\n<\/article>\n<article class=\"post post-large post-title-simple post-3058 post type-post status-publish format-standard has-post-thumbnail hentry category-noticies\">\n\t\t<div class=\"post-image single\">\n\t\t<div class=\"post-slideshow porto-carousel owl-carousel nav-inside nav-inside-center nav-style-2 show-nav-hover has-ccols ccols-1\" data-plugin-options='{\"nav\":true}'>\n\t\t\t\t\t\t\t\t\t\t\t<a href=\"https:\/\/piscina.esportsmunicipalsalzira.com\/va\/manu-canet-sha-proclamat-bronze-despanya-a-la-prova-de-llancament-de-pes-sub16\/\">\n\t\t\t\t\t\t\t\t<div class=\"img-thumbnail\">\n\t\t\t\t\t\t<img width=\"718\" height=\"445\" src=\"https:\/\/piscina.esportsmunicipalsalzira.com\/wp-content\/uploads\/2021\/01\/51120-103979-76486579-718x445.jpg\" class=\"owl-lazy img-responsive\" alt=\"\" loading=\"lazy\" \/>\t\t\t\t\t\t\t\t\t\t\t\t\t<span class=\"zoom\" data-src=\"https:\/\/piscina.esportsmunicipalsalzira.com\/wp-content\/uploads\/2021\/01\/51120-103979-76486579.jpg\" data-title=\"\"><i class=\"fas fa-search\"><\/i><\/span>\n\t\t\t\t\t\t\t\t\t\t\t<\/div>\n\t\t\t\t\t\t\t\t<\/a>\n\t\t\t\t\t\t\t\t<\/div>\n\t\t\n\t\t\t<\/div>\n\n\t\t\t<div class=\"post-date\">\n\t\t\t<span class=\"day\">27<\/span><span class=\"month\">gen.<\/span><time>01\/27\/2021<\/time>\t\t<\/div>\n\t\n\t<!-- Post meta before content -->\n\t\n\n\t<div class=\"post-content\">\n\t\t\t\t<h2 class=\"entry-title\"><a href=\"https:\/\/piscina.esportsmunicipalsalzira.com\/va\/manu-canet-sha-proclamat-bronze-despanya-a-la-prova-de-llancament-de-pes-sub16\/\">Manu Canet s&#39;a proclamat bronze d&#39;Espanya a la prova de llan\u00e7ament de pes sub-16<\/a><\/h2>\n\t\t<span class=\"vcard\" style=\"display: none;\"><span class=\"fn\"><a href=\"https:\/\/piscina.esportsmunicipalsalzira.com\/va\/author\/roberta\/\" title=\"Entrades de roberta\" rel=\"author\">roberta<\/a><\/span><\/span><span class=\"updated\" style=\"display:none\">2021-01-27T12: 29: 18 + 01: 00<\/span><p class=\"post-excerpt\">[vc_row][vc_column][vc_column_text]Recentment es disputava el campionat d'Espanya sub16 de pista coberta a Madrid (campionat que va ser ajornat per la Covid-19). Es disputava a porta tancada, nom\u00e9s podien passar els atletes i entrenador a les instal\u00b7lacions, per\u00f2 la federaci\u00f3 d'atletisme ho va retransmetre per internet per a tots aquells que...<\/p>\t<\/div>\n\t<!-- Post meta after content -->\n\t<div class=\"post-meta\"><span class=\"meta-author\"><i class=\"far fa-user\"><\/i>By <a href=\"https:\/\/piscina.esportsmunicipalsalzira.com\/va\/author\/roberta\/\" title=\"Entrades de roberta\" rel=\"author\">roberta<\/a><\/span><span class=\"meta-cats\"><i class=\"far fa-folder\"><\/i><a href=\"https:\/\/piscina.esportsmunicipalsalzira.com\/va\/category\/noticies\/\" rel=\"category tag\">noticies<\/a><\/span><span class=\"meta-comments\"><i class=\"far fa-comments\"><\/i><a href=\"https:\/\/piscina.esportsmunicipalsalzira.com\/va\/manu-canet-sha-proclamat-bronze-despanya-a-la-prova-de-llancament-de-pes-sub16\/#respond\" title=\"Comment on Manu Canet s\u2019ha proclamat bronze d&#8217;Espanya a la prova de llan\u00e7ament de pes sub16\">0 Comments<\/a><\/span><span class=\"d-block float-sm-right mt-3 mt-sm-0\"><a class=\"btn btn-xs btn-default text-xs text-uppercase\" href=\"https:\/\/piscina.esportsmunicipalsalzira.com\/va\/manu-canet-sha-proclamat-bronze-despanya-a-la-prova-de-llancament-de-pes-sub16\/\">Read more...<\/a><\/span><\/div>\n<\/article>\n\n\t\n\t\t<\/div>\n\n\t\n\t\n\t<\/div>[vc_empty_space height=\u00bb20px\u00bb][\/vc_column][\/vc_row][vc_row][vc_column][vc_separator color=\u00bbcustom\u00bb gap=\u00bbtall\u00bb gradient=\u00bbyes\u00bb]<div id=\"porto-blog-5506\" class=\"porto-blog wpb_content_element\"><h4 class=\"wpb_heading\">Large Alt<\/h4>\n\t\t<div class=\"blog-posts posts-large-alt\">\n\n\t\t<article class=\"post post-large-alt post-title-simple post-3062 post type-post status-publish format-standard has-post-thumbnail hentry category-noticies\">\n\t\t\t<div class=\"post-date\">\n\t\t<span class=\"day\">27<\/span><span class=\"month\">gen.<\/span><time>01\/27\/2021<\/time>\t\t<\/div>\n\t\n\t<div class=\"post-content\">\n\t\t\t<div class=\"post-image single\">\n\t\t<div class=\"post-slideshow porto-carousel owl-carousel nav-inside nav-inside-center nav-style-2 show-nav-hover has-ccols ccols-1\" data-plugin-options='{\"nav\":true}'>\n\t\t\t\t\t\t\t\t\t\t\t<a href=\"https:\/\/piscina.esportsmunicipalsalzira.com\/va\/meritoria-victoria-de-un-inter-b-rejuvenecido-ante-el-paterna-ciencias-valencia-29-12\/\">\n\t\t\t\t\t\t\t\t<div class=\"img-thumbnail\">\n\t\t\t\t\t\t<img width=\"800\" height=\"445\" src=\"https:\/\/piscina.esportsmunicipalsalzira.com\/wp-content\/uploads\/2021\/01\/51024-103845-21831924-800x445.jpg\" class=\"owl-lazy img-responsive\" alt=\"\" loading=\"lazy\" \/>\t\t\t\t\t\t\t\t\t\t\t\t\t<span class=\"zoom\" data-src=\"https:\/\/piscina.esportsmunicipalsalzira.com\/wp-content\/uploads\/2021\/01\/51024-103845-21831924.jpg\" data-title=\"\"><i class=\"fas fa-search\"><\/i><\/span>\n\t\t\t\t\t\t\t\t\t\t\t<\/div>\n\t\t\t\t\t\t\t\t<\/a>\n\t\t\t\t\t\t\t\t<\/div>\n\t\t\n\t\t\t<\/div>\n\n\t\t<!-- Post meta before content -->\n\t\t\n\t\t\n\t\t<h2 class=\"entry-title\"><a href=\"https:\/\/piscina.esportsmunicipalsalzira.com\/va\/meritoria-victoria-de-un-inter-b-rejuvenecido-ante-el-paterna-ciencias-valencia-29-12\/\">Merit\u00f2ria vict\u00f2ria d&#39;un Inter &#39;B&#39;, rejovenit davant el Paterna Ci\u00e8ncies \/ Val\u00e8ncia (29-12)<\/a><\/h2>\n\t\t<span class=\"vcard\" style=\"display: none;\"><span class=\"fn\"><a href=\"https:\/\/piscina.esportsmunicipalsalzira.com\/va\/author\/roberta\/\" title=\"Entrades de roberta\" rel=\"author\">roberta<\/a><\/span><\/span><span class=\"updated\" style=\"display:none\">2021-01-27T12: 30: 30 + 01: 00<\/span><p class=\"post-excerpt\">[vc_row][vc_column][vc_column_text]Tercera y meritoria victoria de los chicos de\u00a0Calabr\u00f3\u00a0que este s\u00e1bado rayaron a gran altura ante un rival, el Paterna Ciencias\/Valencia\u00a0con m\u00e1s oficio.\u00a0Sobre el c\u00e9sped de \"El Vergeret\" de Tavernes, el Inter \"B\" hizo un gran partido ante un rival que con su veteran\u00eda puso las cosas dif\u00edciles a los...<\/p>\n\t\t\t<\/div>\n\n\t<!-- Post meta after content -->\n\t<div class=\"post-meta\"><span class=\"meta-author\"><i class=\"far fa-user\"><\/i>By <a href=\"https:\/\/piscina.esportsmunicipalsalzira.com\/va\/author\/roberta\/\" title=\"Entrades de roberta\" rel=\"author\">roberta<\/a><\/span><span class=\"meta-cats\"><i class=\"far fa-folder\"><\/i><a href=\"https:\/\/piscina.esportsmunicipalsalzira.com\/va\/category\/noticies\/\" rel=\"category tag\">noticies<\/a><\/span><span class=\"meta-comments\"><i class=\"far fa-comments\"><\/i><a href=\"https:\/\/piscina.esportsmunicipalsalzira.com\/va\/meritoria-victoria-de-un-inter-b-rejuvenecido-ante-el-paterna-ciencias-valencia-29-12\/#respond\" title=\"Comment on Meritoria victoria de un Inter &#8216;B&#8217;, rejuvenecido ante el Paterna Ciencias \/ Valencia (29-12)\">0 Comments<\/a><\/span><\/div>\n\t<a class=\"btn btn-xs btn-default text-xs text-uppercase float-sm-right\" href=\"https:\/\/piscina.esportsmunicipalsalzira.com\/va\/meritoria-victoria-de-un-inter-b-rejuvenecido-ante-el-paterna-ciencias-valencia-29-12\/\">Read more...<\/a>\n<\/article>\n<article class=\"post post-large-alt post-title-simple post-3058 post type-post status-publish format-standard has-post-thumbnail hentry category-noticies\">\n\t\t\t<div class=\"post-date\">\n\t\t<span class=\"day\">27<\/span><span class=\"month\">gen.<\/span><time>01\/27\/2021<\/time>\t\t<\/div>\n\t\n\t<div class=\"post-content\">\n\t\t\t<div class=\"post-image single\">\n\t\t<div class=\"post-slideshow porto-carousel owl-carousel nav-inside nav-inside-center nav-style-2 show-nav-hover has-ccols ccols-1\" data-plugin-options='{\"nav\":true}'>\n\t\t\t\t\t\t\t\t\t\t\t<a href=\"https:\/\/piscina.esportsmunicipalsalzira.com\/va\/manu-canet-sha-proclamat-bronze-despanya-a-la-prova-de-llancament-de-pes-sub16\/\">\n\t\t\t\t\t\t\t\t<div class=\"img-thumbnail\">\n\t\t\t\t\t\t<img width=\"718\" height=\"445\" src=\"https:\/\/piscina.esportsmunicipalsalzira.com\/wp-content\/uploads\/2021\/01\/51120-103979-76486579-718x445.jpg\" class=\"owl-lazy img-responsive\" alt=\"\" loading=\"lazy\" \/>\t\t\t\t\t\t\t\t\t\t\t\t\t<span class=\"zoom\" data-src=\"https:\/\/piscina.esportsmunicipalsalzira.com\/wp-content\/uploads\/2021\/01\/51120-103979-76486579.jpg\" data-title=\"\"><i class=\"fas fa-search\"><\/i><\/span>\n\t\t\t\t\t\t\t\t\t\t\t<\/div>\n\t\t\t\t\t\t\t\t<\/a>\n\t\t\t\t\t\t\t\t<\/div>\n\t\t\n\t\t\t<\/div>\n\n\t\t<!-- Post meta before content -->\n\t\t\n\t\t\n\t\t<h2 class=\"entry-title\"><a href=\"https:\/\/piscina.esportsmunicipalsalzira.com\/va\/manu-canet-sha-proclamat-bronze-despanya-a-la-prova-de-llancament-de-pes-sub16\/\">Manu Canet s&#39;a proclamat bronze d&#39;Espanya a la prova de llan\u00e7ament de pes sub-16<\/a><\/h2>\n\t\t<span class=\"vcard\" style=\"display: none;\"><span class=\"fn\"><a href=\"https:\/\/piscina.esportsmunicipalsalzira.com\/va\/author\/roberta\/\" title=\"Entrades de roberta\" rel=\"author\">roberta<\/a><\/span><\/span><span class=\"updated\" style=\"display:none\">2021-01-27T12: 29: 18 + 01: 00<\/span><p class=\"post-excerpt\">[vc_row][vc_column][vc_column_text]Recentment es disputava el campionat d'Espanya sub16 de pista coberta a Madrid (campionat que va ser ajornat per la Covid-19). Es disputava a porta tancada, nom\u00e9s podien passar els atletes i entrenador a les instal\u00b7lacions, per\u00f2 la federaci\u00f3 d'atletisme ho va retransmetre per internet per a tots aquells que...<\/p>\n\t\t\t<\/div>\n\n\t<!-- Post meta after content -->\n\t<div class=\"post-meta\"><span class=\"meta-author\"><i class=\"far fa-user\"><\/i>By <a href=\"https:\/\/piscina.esportsmunicipalsalzira.com\/va\/author\/roberta\/\" title=\"Entrades de roberta\" rel=\"author\">roberta<\/a><\/span><span class=\"meta-cats\"><i class=\"far fa-folder\"><\/i><a href=\"https:\/\/piscina.esportsmunicipalsalzira.com\/va\/category\/noticies\/\" rel=\"category tag\">noticies<\/a><\/span><span class=\"meta-comments\"><i class=\"far fa-comments\"><\/i><a href=\"https:\/\/piscina.esportsmunicipalsalzira.com\/va\/manu-canet-sha-proclamat-bronze-despanya-a-la-prova-de-llancament-de-pes-sub16\/#respond\" title=\"Comment on Manu Canet s\u2019ha proclamat bronze d&#8217;Espanya a la prova de llan\u00e7ament de pes sub16\">0 Comments<\/a><\/span><\/div>\n\t<a class=\"btn btn-xs btn-default text-xs text-uppercase float-sm-right\" href=\"https:\/\/piscina.esportsmunicipalsalzira.com\/va\/manu-canet-sha-proclamat-bronze-despanya-a-la-prova-de-llancament-de-pes-sub16\/\">Read more...<\/a>\n<\/article>\n\n\t\n\t\t<\/div>\n\n\t\n\t\n\t<\/div>[vc_empty_space height=\u00bb20px\u00bb][\/vc_column][\/vc_row][vc_row][vc_column][vc_separator color=\u00bbcustom\u00bb gap=\u00bbtall\u00bb gradient=\u00bbyes\u00bb]<div id=\"porto-blog-1451\" class=\"porto-blog wpb_content_element\"><h4 class=\"wpb_heading\">Full<\/h4>\n\t\t<div class=\"blog-posts posts-full\">\n\n\t\t<article class=\"post post-full post-title-simple post-3062 post type-post status-publish format-standard has-post-thumbnail hentry category-noticies\">\n\t\t<div class=\"post-image single\">\n\t\t<div class=\"post-slideshow porto-carousel owl-carousel nav-inside nav-inside-center nav-style-2 show-nav-hover has-ccols ccols-1\" data-plugin-options='{\"nav\":true}'>\n\t\t\t\t\t\t\t\t\t\t\t<a href=\"https:\/\/piscina.esportsmunicipalsalzira.com\/va\/meritoria-victoria-de-un-inter-b-rejuvenecido-ante-el-paterna-ciencias-valencia-29-12\/\">\n\t\t\t\t\t\t\t\t<div class=\"img-thumbnail\">\n\t\t\t\t\t\t<img width=\"800\" height=\"522\" src=\"https:\/\/piscina.esportsmunicipalsalzira.com\/wp-content\/uploads\/2021\/01\/51024-103845-21831924.jpg\" class=\"owl-lazy img-responsive\" alt=\"\" loading=\"lazy\" srcset=\"https:\/\/piscina.esportsmunicipalsalzira.com\/wp-content\/uploads\/2021\/01\/51024-103845-21831924.jpg 800w, https:\/\/piscina.esportsmunicipalsalzira.com\/wp-content\/uploads\/2021\/01\/51024-103845-21831924-768x501.jpg 768w, https:\/\/piscina.esportsmunicipalsalzira.com\/wp-content\/uploads\/2021\/01\/51024-103845-21831924-640x418.jpg 640w, https:\/\/piscina.esportsmunicipalsalzira.com\/wp-content\/uploads\/2021\/01\/51024-103845-21831924-400x261.jpg 400w, https:\/\/piscina.esportsmunicipalsalzira.com\/wp-content\/uploads\/2021\/01\/51024-103845-21831924-367x239.jpg 367w\" sizes=\"(max-width: 800px) 100vw, 800px\" \/>\t\t\t\t\t\t\t\t\t\t\t\t\t<span class=\"zoom\" data-src=\"https:\/\/piscina.esportsmunicipalsalzira.com\/wp-content\/uploads\/2021\/01\/51024-103845-21831924.jpg\" data-title=\"\"><i class=\"fas fa-search\"><\/i><\/span>\n\t\t\t\t\t\t\t\t\t\t\t<\/div>\n\t\t\t\t\t\t\t\t<\/a>\n\t\t\t\t\t\t\t\t<\/div>\n\t\t\n\t\t\t<\/div>\n\n\t\t\t<div class=\"post-date\">\n\t\t\t<span class=\"day\">27<\/span><span class=\"month\">gen.<\/span><time>01\/27\/2021<\/time>\t\t<\/div>\n\t\t<!-- Post meta before content -->\n\t\n\t<div class=\"post-content\">\n\t\t<h2 class=\"entry-title\"><a href=\"https:\/\/piscina.esportsmunicipalsalzira.com\/va\/meritoria-victoria-de-un-inter-b-rejuvenecido-ante-el-paterna-ciencias-valencia-29-12\/\">Merit\u00f2ria vict\u00f2ria d&#39;un Inter &#39;B&#39;, rejovenit davant el Paterna Ci\u00e8ncies \/ Val\u00e8ncia (29-12)<\/a><\/h2>\n\t\t<span class=\"vcard\" style=\"display: none;\"><span class=\"fn\"><a href=\"https:\/\/piscina.esportsmunicipalsalzira.com\/va\/author\/roberta\/\" title=\"Entrades de roberta\" rel=\"author\">roberta<\/a><\/span><\/span><span class=\"updated\" style=\"display:none\">2021-01-27T12: 30: 30 + 01: 00<\/span><p class=\"post-excerpt\">[vc_row][vc_column][vc_column_text]Tercera y meritoria victoria de los chicos de\u00a0Calabr\u00f3\u00a0que este s\u00e1bado rayaron a gran altura ante un rival, el Paterna Ciencias\/Valencia\u00a0con m\u00e1s oficio.\u00a0Sobre el c\u00e9sped de \"El Vergeret\" de Tavernes, el Inter \"B\" hizo un gran partido ante un rival que con su veteran\u00eda puso las cosas dif\u00edciles a los...<\/p>\n\t<\/div>\n\n\t<!-- Post meta after content -->\n\t<div class=\"post-meta\"><span class=\"meta-author\"><i class=\"far fa-user\"><\/i>By <a href=\"https:\/\/piscina.esportsmunicipalsalzira.com\/va\/author\/roberta\/\" title=\"Entrades de roberta\" rel=\"author\">roberta<\/a><\/span><span class=\"meta-cats\"><i class=\"far fa-folder\"><\/i><a href=\"https:\/\/piscina.esportsmunicipalsalzira.com\/va\/category\/noticies\/\" rel=\"category tag\">noticies<\/a><\/span><span class=\"meta-comments\"><i class=\"far fa-comments\"><\/i><a href=\"https:\/\/piscina.esportsmunicipalsalzira.com\/va\/meritoria-victoria-de-un-inter-b-rejuvenecido-ante-el-paterna-ciencias-valencia-29-12\/#respond\" title=\"Comment on Meritoria victoria de un Inter &#8216;B&#8217;, rejuvenecido ante el Paterna Ciencias \/ Valencia (29-12)\">0 Comments<\/a><\/span><\/div>\n\t<a class=\"btn btn-xs btn-default text-xs text-uppercase float-sm-right\" href=\"https:\/\/piscina.esportsmunicipalsalzira.com\/va\/meritoria-victoria-de-un-inter-b-rejuvenecido-ante-el-paterna-ciencias-valencia-29-12\/\">Read more...<\/a>\n\n<\/article>\n<article class=\"post post-full post-title-simple post-3058 post type-post status-publish format-standard has-post-thumbnail hentry category-noticies\">\n\t\t<div class=\"post-image single\">\n\t\t<div class=\"post-slideshow porto-carousel owl-carousel nav-inside nav-inside-center nav-style-2 show-nav-hover has-ccols ccols-1\" data-plugin-options='{\"nav\":true}'>\n\t\t\t\t\t\t\t\t\t\t\t<a href=\"https:\/\/piscina.esportsmunicipalsalzira.com\/va\/manu-canet-sha-proclamat-bronze-despanya-a-la-prova-de-llancament-de-pes-sub16\/\">\n\t\t\t\t\t\t\t\t<div class=\"img-thumbnail\">\n\t\t\t\t\t\t<img width=\"718\" height=\"538\" src=\"https:\/\/piscina.esportsmunicipalsalzira.com\/wp-content\/uploads\/2021\/01\/51120-103979-76486579.jpg\" class=\"owl-lazy img-responsive\" alt=\"\" loading=\"lazy\" srcset=\"https:\/\/piscina.esportsmunicipalsalzira.com\/wp-content\/uploads\/2021\/01\/51120-103979-76486579.jpg 718w, https:\/\/piscina.esportsmunicipalsalzira.com\/wp-content\/uploads\/2021\/01\/51120-103979-76486579-463x348.jpg 463w, https:\/\/piscina.esportsmunicipalsalzira.com\/wp-content\/uploads\/2021\/01\/51120-103979-76486579-640x480.jpg 640w, https:\/\/piscina.esportsmunicipalsalzira.com\/wp-content\/uploads\/2021\/01\/51120-103979-76486579-400x300.jpg 400w, https:\/\/piscina.esportsmunicipalsalzira.com\/wp-content\/uploads\/2021\/01\/51120-103979-76486579-367x275.jpg 367w\" sizes=\"(max-width: 718px) 100vw, 718px\" \/>\t\t\t\t\t\t\t\t\t\t\t\t\t<span class=\"zoom\" data-src=\"https:\/\/piscina.esportsmunicipalsalzira.com\/wp-content\/uploads\/2021\/01\/51120-103979-76486579.jpg\" data-title=\"\"><i class=\"fas fa-search\"><\/i><\/span>\n\t\t\t\t\t\t\t\t\t\t\t<\/div>\n\t\t\t\t\t\t\t\t<\/a>\n\t\t\t\t\t\t\t\t<\/div>\n\t\t\n\t\t\t<\/div>\n\n\t\t\t<div class=\"post-date\">\n\t\t\t<span class=\"day\">27<\/span><span class=\"month\">gen.<\/span><time>01\/27\/2021<\/time>\t\t<\/div>\n\t\t<!-- Post meta before content -->\n\t\n\t<div class=\"post-content\">\n\t\t<h2 class=\"entry-title\"><a href=\"https:\/\/piscina.esportsmunicipalsalzira.com\/va\/manu-canet-sha-proclamat-bronze-despanya-a-la-prova-de-llancament-de-pes-sub16\/\">Manu Canet s&#39;a proclamat bronze d&#39;Espanya a la prova de llan\u00e7ament de pes sub-16<\/a><\/h2>\n\t\t<span class=\"vcard\" style=\"display: none;\"><span class=\"fn\"><a href=\"https:\/\/piscina.esportsmunicipalsalzira.com\/va\/author\/roberta\/\" title=\"Entrades de roberta\" rel=\"author\">roberta<\/a><\/span><\/span><span class=\"updated\" style=\"display:none\">2021-01-27T12: 29: 18 + 01: 00<\/span><p class=\"post-excerpt\">[vc_row][vc_column][vc_column_text]Recentment es disputava el campionat d'Espanya sub16 de pista coberta a Madrid (campionat que va ser ajornat per la Covid-19). Es disputava a porta tancada, nom\u00e9s podien passar els atletes i entrenador a les instal\u00b7lacions, per\u00f2 la federaci\u00f3 d'atletisme ho va retransmetre per internet per a tots aquells que...<\/p>\n\t<\/div>\n\n\t<!-- Post meta after content -->\n\t<div class=\"post-meta\"><span class=\"meta-author\"><i class=\"far fa-user\"><\/i>By <a href=\"https:\/\/piscina.esportsmunicipalsalzira.com\/va\/author\/roberta\/\" title=\"Entrades de roberta\" rel=\"author\">roberta<\/a><\/span><span class=\"meta-cats\"><i class=\"far fa-folder\"><\/i><a href=\"https:\/\/piscina.esportsmunicipalsalzira.com\/va\/category\/noticies\/\" rel=\"category tag\">noticies<\/a><\/span><span class=\"meta-comments\"><i class=\"far fa-comments\"><\/i><a href=\"https:\/\/piscina.esportsmunicipalsalzira.com\/va\/manu-canet-sha-proclamat-bronze-despanya-a-la-prova-de-llancament-de-pes-sub16\/#respond\" title=\"Comment on Manu Canet s\u2019ha proclamat bronze d&#8217;Espanya a la prova de llan\u00e7ament de pes sub16\">0 Comments<\/a><\/span><\/div>\n\t<a class=\"btn btn-xs btn-default text-xs text-uppercase float-sm-right\" href=\"https:\/\/piscina.esportsmunicipalsalzira.com\/va\/manu-canet-sha-proclamat-bronze-despanya-a-la-prova-de-llancament-de-pes-sub16\/\">Read more...<\/a>\n\n<\/article>\n\n\t\n\t\t<\/div>\n\n\t\n\t\n\t<\/div>[\/vc_column][\/vc_row][vc_row][vc_column][vc_custom_heading text=\u00bbPost Layouts\u00bb use_theme_fonts=\u00bbyes\u00bb el_class=\u00bbshorter\u00bb][vc_separator color=\u00bbcustom\u00bb gap=\u00bbtall\u00bb gradient=\u00bbyes\u00bb][\/vc_column][\/vc_row][vc_row][vc_column]<div id=\"porto-blog-3395\" class=\"porto-blog wpb_content_element\"><h4 class=\"wpb_heading\">Gray Overlay<\/h4>\t\t<div class=\"blog-posts posts-grid blog-posts-hover_info2\">\n\t\t\t<div class=\"posts-container row\">\n\t\t\n<article class=\"post post-grid col-md-6 col-lg-4 post-title-simple post-3062 post type-post status-publish format-standard has-post-thumbnail hentry category-noticies\">\n\n\n\t<div class=\"thumb-info thumb-info-no-borders thumb-info-bottom-info thumb-info-bottom-info-dark thumb-info-centered-icons\">\n\t\t<div class=\"thumb-info-wrapper\">\n\t\t\t<div class=\"post-image\">\n\t\t\t\t<img width=\"400\" height=\"300\" src=\"https:\/\/piscina.esportsmunicipalsalzira.com\/wp-content\/uploads\/2021\/01\/51024-103845-21831924-400x300.jpg\" alt=\"\" \/>\n\t\t\t<\/div>\n\t\t\t\t\t\t<div class=\"thumb-info-title\">\n\t\t\t\t\t\t\t\t\t\t\t<h3 class=\"thumb-info-inner\"><a href=\"https:\/\/piscina.esportsmunicipalsalzira.com\/va\/meritoria-victoria-de-un-inter-b-rejuvenecido-ante-el-paterna-ciencias-valencia-29-12\/\">Merit\u00f2ria vict\u00f2ria d&#39;un Inter &#39;B&#39;, rejovenit davant el Paterna Ci\u00e8ncies \/ Val\u00e8ncia (29-12)<\/a><\/h3>\n\t\t\t\t<div class=\"thumb-info-show-more-content\">\n\t\t\t\t\t<p class=\"post-excerpt\">[vc_row][vc_column][vc_column_text]Tercera y meritoria victoria de los chicos de\u00a0Calabr\u00f3\u00a0que este s\u00e1bado rayaron a gran altura ante un rival, el Paterna Ciencias\/Valencia\u00a0con m\u00e1s oficio.\u00a0Sobre el c\u00e9sped de \"El Vergeret\" de Tavernes, el Inter \"B\" hizo un gran partido ante un rival que con su veteran\u00eda puso las cosas dif\u00edciles a los...<\/p>\t\t\t\t<\/div>\n\t\t\t\t\t\t<\/div>\n\t\t\t<span class=\"thumb-info-action\">\n\t\t\t\t<a href=\"https:\/\/piscina.esportsmunicipalsalzira.com\/va\/meritoria-victoria-de-un-inter-b-rejuvenecido-ante-el-paterna-ciencias-valencia-29-12\/\">\n\t\t\t\t\t<span class=\"thumb-info-action-icon thumb-info-action-icon-light\"><i class=\"fas fa-link text-dark\"><\/i><\/span>\n\t\t\t\t<\/a>\n\t\t\t<\/span>\n\t\t<\/div>\n\t<\/div>\n<\/article>\n\n<article class=\"post post-grid col-md-6 col-lg-4 post-title-simple post-3058 post type-post status-publish format-standard has-post-thumbnail hentry category-noticies\">\n\n\n\t<div class=\"thumb-info thumb-info-no-borders thumb-info-bottom-info thumb-info-bottom-info-dark thumb-info-centered-icons\">\n\t\t<div class=\"thumb-info-wrapper\">\n\t\t\t<div class=\"post-image\">\n\t\t\t\t<img width=\"400\" height=\"300\" src=\"https:\/\/piscina.esportsmunicipalsalzira.com\/wp-content\/uploads\/2021\/01\/51120-103979-76486579-400x300.jpg\" alt=\"\" \/>\n\t\t\t<\/div>\n\t\t\t\t\t\t<div class=\"thumb-info-title\">\n\t\t\t\t\t\t\t\t\t\t\t<h3 class=\"thumb-info-inner\"><a href=\"https:\/\/piscina.esportsmunicipalsalzira.com\/va\/manu-canet-sha-proclamat-bronze-despanya-a-la-prova-de-llancament-de-pes-sub16\/\">Manu Canet s&#39;a proclamat bronze d&#39;Espanya a la prova de llan\u00e7ament de pes sub-16<\/a><\/h3>\n\t\t\t\t<div class=\"thumb-info-show-more-content\">\n\t\t\t\t\t<p class=\"post-excerpt\">[vc_row][vc_column][vc_column_text]Recentment es disputava el campionat d'Espanya sub16 de pista coberta a Madrid (campionat que va ser ajornat per la Covid-19). Es disputava a porta tancada, nom\u00e9s podien passar els atletes i entrenador a les instal\u00b7lacions, per\u00f2 la federaci\u00f3 d'atletisme ho va retransmetre per internet per a tots aquells que...<\/p>\t\t\t\t<\/div>\n\t\t\t\t\t\t<\/div>\n\t\t\t<span class=\"thumb-info-action\">\n\t\t\t\t<a href=\"https:\/\/piscina.esportsmunicipalsalzira.com\/va\/manu-canet-sha-proclamat-bronze-despanya-a-la-prova-de-llancament-de-pes-sub16\/\">\n\t\t\t\t\t<span class=\"thumb-info-action-icon thumb-info-action-icon-light\"><i class=\"fas fa-link text-dark\"><\/i><\/span>\n\t\t\t\t<\/a>\n\t\t\t<\/span>\n\t\t<\/div>\n\t<\/div>\n<\/article>\n\n<article class=\"post post-grid col-md-6 col-lg-4 post-title-simple post-3055 post type-post status-publish format-standard has-post-thumbnail hentry category-noticies\">\n\n\n\t<div class=\"thumb-info thumb-info-no-borders thumb-info-bottom-info thumb-info-bottom-info-dark thumb-info-centered-icons\">\n\t\t<div class=\"thumb-info-wrapper\">\n\t\t\t<div class=\"post-image\">\n\t\t\t\t<img width=\"400\" height=\"300\" src=\"https:\/\/piscina.esportsmunicipalsalzira.com\/wp-content\/uploads\/2021\/01\/51210-104093-99718792-400x300.jpg\" alt=\"\" \/>\n\t\t\t<\/div>\n\t\t\t\t\t\t<div class=\"thumb-info-title\">\n\t\t\t\t\t\t\t\t\t\t\t<h3 class=\"thumb-info-inner\"><a href=\"https:\/\/piscina.esportsmunicipalsalzira.com\/va\/el-nou-basquet-alzira-torna-amb-bones-sensacions\/\">El Nou B\u00e0squet Alzira torna amb bones sensacions<\/a><\/h3>\n\t\t\t\t<div class=\"thumb-info-show-more-content\">\n\t\t\t\t\t<p class=\"post-excerpt\">[vc_row][vc_column][vc_column_text]Despr\u00e9s d\u2019un impecable inici de temporada amb set vict\u00f2ries consecutives, el N.B. Alzira se\u2019n va anar de vacances amb certs dubtes, provocats per les derrotes patides en les dos \u00faltimes jornades disputades abans de les festes de Nadal i Any Nou. Esta situaci\u00f3 obligava als jugadors de Roberto Craig,...<\/p>\t\t\t\t<\/div>\n\t\t\t\t\t\t<\/div>\n\t\t\t<span class=\"thumb-info-action\">\n\t\t\t\t<a href=\"https:\/\/piscina.esportsmunicipalsalzira.com\/va\/el-nou-basquet-alzira-torna-amb-bones-sensacions\/\">\n\t\t\t\t\t<span class=\"thumb-info-action-icon thumb-info-action-icon-light\"><i class=\"fas fa-link text-dark\"><\/i><\/span>\n\t\t\t\t<\/a>\n\t\t\t<\/span>\n\t\t<\/div>\n\t<\/div>\n<\/article>\n\n\t\n\t\t\t<\/div>\n\t\t<\/div>\n\n\t\n\t\n\t<\/div><div id=\"porto-blog-2457\" class=\"porto-blog wpb_content_element\"><h4 class=\"wpb_heading\">Grid<\/h4>\t\t<div class=\"blog-posts posts-grid blog-posts-grid\">\n\t\t\t<div class=\"posts-container row\">\n\t\t<div class=\"post post-grid col-md-6 col-lg-4 post-title-simple post-3062 post type-post status-publish format-standard has-post-thumbnail hentry category-noticies blog-post-item post-item-grid\">\n\t\t\t<div class=\"post-image img-thumbnail\">\n\t\t\t<a href=\"https:\/\/piscina.esportsmunicipalsalzira.com\/va\/meritoria-victoria-de-un-inter-b-rejuvenecido-ante-el-paterna-ciencias-valencia-29-12\/\">\n\t\t\t\t<img width=\"450\" height=\"231\" src=\"https:\/\/piscina.esportsmunicipalsalzira.com\/wp-content\/uploads\/2021\/01\/51024-103845-21831924-450x231.jpg\" alt=\"\" \/>\n\t\t\t<\/a>\n\t\t<\/div>\n\t\t<div class=\"post-item-content\">\n\t\t\t\t\t<span class=\"post-date\">01\/27\/2021<\/span>\n\t\t\t\t\t\t<h4 class=\"post-item-title\"><a href=\"https:\/\/piscina.esportsmunicipalsalzira.com\/va\/meritoria-victoria-de-un-inter-b-rejuvenecido-ante-el-paterna-ciencias-valencia-29-12\/\">Merit\u00f2ria vict\u00f2ria d&#39;un Inter &#39;B&#39;, rejovenit davant el Paterna Ci\u00e8ncies \/ Val\u00e8ncia (29-12)<\/a><\/h4>\n\t\t\t<\/div>\n<\/div>\n<div class=\"post post-grid col-md-6 col-lg-4 post-title-simple post-3058 post type-post status-publish format-standard has-post-thumbnail hentry category-noticies blog-post-item post-item-grid\">\n\t\t\t<div class=\"post-image img-thumbnail\">\n\t\t\t<a href=\"https:\/\/piscina.esportsmunicipalsalzira.com\/va\/manu-canet-sha-proclamat-bronze-despanya-a-la-prova-de-llancament-de-pes-sub16\/\">\n\t\t\t\t<img width=\"450\" height=\"231\" src=\"https:\/\/piscina.esportsmunicipalsalzira.com\/wp-content\/uploads\/2021\/01\/51120-103979-76486579-450x231.jpg\" alt=\"\" \/>\n\t\t\t<\/a>\n\t\t<\/div>\n\t\t<div class=\"post-item-content\">\n\t\t\t\t\t<span class=\"post-date\">01\/27\/2021<\/span>\n\t\t\t\t\t\t<h4 class=\"post-item-title\"><a href=\"https:\/\/piscina.esportsmunicipalsalzira.com\/va\/manu-canet-sha-proclamat-bronze-despanya-a-la-prova-de-llancament-de-pes-sub16\/\">Manu Canet s&#39;a proclamat bronze d&#39;Espanya a la prova de llan\u00e7ament de pes sub-16<\/a><\/h4>\n\t\t\t<\/div>\n<\/div>\n<div class=\"post post-grid col-md-6 col-lg-4 post-title-simple post-3055 post type-post status-publish format-standard has-post-thumbnail hentry category-noticies blog-post-item post-item-grid\">\n\t\t\t<div class=\"post-image img-thumbnail\">\n\t\t\t<a href=\"https:\/\/piscina.esportsmunicipalsalzira.com\/va\/el-nou-basquet-alzira-torna-amb-bones-sensacions\/\">\n\t\t\t\t<img width=\"450\" height=\"231\" src=\"https:\/\/piscina.esportsmunicipalsalzira.com\/wp-content\/uploads\/2021\/01\/51210-104093-99718792-450x231.jpg\" alt=\"\" \/>\n\t\t\t<\/a>\n\t\t<\/div>\n\t\t<div class=\"post-item-content\">\n\t\t\t\t\t<span class=\"post-date\">01\/27\/2021<\/span>\n\t\t\t\t\t\t<h4 class=\"post-item-title\"><a href=\"https:\/\/piscina.esportsmunicipalsalzira.com\/va\/el-nou-basquet-alzira-torna-amb-bones-sensacions\/\">El Nou B\u00e0squet Alzira torna amb bones sensacions<\/a><\/h4>\n\t\t\t<\/div>\n<\/div>\n\n\t\n\t\t\t<\/div>\n\t\t<\/div>\n\n\t\n\t\n\t<\/div><div id=\"porto-blog-2794\" class=\"porto-blog wpb_content_element\"><h4 class=\"wpb_heading\">List<\/h4>\t\t<div class=\"blog-posts posts-grid blog-posts-list\">\n\t\t\t<div class=\"posts-container row\">\n\t\t<div class=\"post post-grid col-md-6 col-lg-4 post-title-simple post-3062 post type-post status-publish format-standard has-post-thumbnail hentry category-noticies blog-post-item post-item-list\">\n\t\t\t<div class=\"post-image img-thumbnail\">\n\t\t\t<a href=\"https:\/\/piscina.esportsmunicipalsalzira.com\/va\/meritoria-victoria-de-un-inter-b-rejuvenecido-ante-el-paterna-ciencias-valencia-29-12\/\">\n\t\t\t\t<img width=\"450\" height=\"231\" src=\"https:\/\/piscina.esportsmunicipalsalzira.com\/wp-content\/uploads\/2021\/01\/51024-103845-21831924-450x231.jpg\" alt=\"\" \/>\n\t\t\t<\/a>\n\t\t<\/div>\n\t\t<div class=\"post-item-content\">\n\t\t\t\t\t<span class=\"post-date\">01\/27\/2021<\/span>\n\t\t\t\t\t\t<h5 class=\"post-item-title\"><a href=\"https:\/\/piscina.esportsmunicipalsalzira.com\/va\/meritoria-victoria-de-un-inter-b-rejuvenecido-ante-el-paterna-ciencias-valencia-29-12\/\">Merit\u00f2ria vict\u00f2ria d&#39;un Inter &#39;B&#39;, rejovenit davant el Paterna Ci\u00e8ncies \/ Val\u00e8ncia (29-12)<\/a><\/h5>\n\t\t\t<\/div>\n<\/div>\n<div class=\"post post-grid col-md-6 col-lg-4 post-title-simple post-3058 post type-post status-publish format-standard has-post-thumbnail hentry category-noticies blog-post-item post-item-list\">\n\t\t\t<div class=\"post-image img-thumbnail\">\n\t\t\t<a href=\"https:\/\/piscina.esportsmunicipalsalzira.com\/va\/manu-canet-sha-proclamat-bronze-despanya-a-la-prova-de-llancament-de-pes-sub16\/\">\n\t\t\t\t<img width=\"450\" height=\"231\" src=\"https:\/\/piscina.esportsmunicipalsalzira.com\/wp-content\/uploads\/2021\/01\/51120-103979-76486579-450x231.jpg\" alt=\"\" \/>\n\t\t\t<\/a>\n\t\t<\/div>\n\t\t<div class=\"post-item-content\">\n\t\t\t\t\t<span class=\"post-date\">01\/27\/2021<\/span>\n\t\t\t\t\t\t<h5 class=\"post-item-title\"><a href=\"https:\/\/piscina.esportsmunicipalsalzira.com\/va\/manu-canet-sha-proclamat-bronze-despanya-a-la-prova-de-llancament-de-pes-sub16\/\">Manu Canet s&#39;a proclamat bronze d&#39;Espanya a la prova de llan\u00e7ament de pes sub-16<\/a><\/h5>\n\t\t\t<\/div>\n<\/div>\n<div class=\"post post-grid col-md-6 col-lg-4 post-title-simple post-3055 post type-post status-publish format-standard has-post-thumbnail hentry category-noticies blog-post-item post-item-list\">\n\t\t\t<div class=\"post-image img-thumbnail\">\n\t\t\t<a href=\"https:\/\/piscina.esportsmunicipalsalzira.com\/va\/el-nou-basquet-alzira-torna-amb-bones-sensacions\/\">\n\t\t\t\t<img width=\"450\" height=\"231\" src=\"https:\/\/piscina.esportsmunicipalsalzira.com\/wp-content\/uploads\/2021\/01\/51210-104093-99718792-450x231.jpg\" alt=\"\" \/>\n\t\t\t<\/a>\n\t\t<\/div>\n\t\t<div class=\"post-item-content\">\n\t\t\t\t\t<span class=\"post-date\">01\/27\/2021<\/span>\n\t\t\t\t\t\t<h5 class=\"post-item-title\"><a href=\"https:\/\/piscina.esportsmunicipalsalzira.com\/va\/el-nou-basquet-alzira-torna-amb-bones-sensacions\/\">El Nou B\u00e0squet Alzira torna amb bones sensacions<\/a><\/h5>\n\t\t\t<\/div>\n<\/div>\n\n\t\n\t\t\t<\/div>\n\t\t<\/div>\n\n\t\n\t\n\t<\/div>[vc_row_inner][vc_column_inner width=\u00bb1\/3&#8243;]<div id=\"porto-blog-4919\" class=\"porto-blog wpb_content_element\">\t\t<div class=\"blog-posts posts-grid blog-posts-grid\">\n\t\t\t<div class=\"posts-container row\">\n\t\t<div class=\"post post-grid col-md-12 post-title-simple post-3062 post type-post status-publish format-standard has-post-thumbnail hentry category-noticies blog-post-item post-item-grid\">\n\t\t\t<div class=\"post-image img-thumbnail\">\n\t\t\t<a href=\"https:\/\/piscina.esportsmunicipalsalzira.com\/va\/meritoria-victoria-de-un-inter-b-rejuvenecido-ante-el-paterna-ciencias-valencia-29-12\/\">\n\t\t\t\t<img width=\"450\" height=\"231\" src=\"https:\/\/piscina.esportsmunicipalsalzira.com\/wp-content\/uploads\/2021\/01\/51024-103845-21831924-450x231.jpg\" alt=\"\" \/>\n\t\t\t<\/a>\n\t\t<\/div>\n\t\t<div class=\"post-item-content\">\n\t\t\t\t\t<span class=\"post-date\">01\/27\/2021<\/span>\n\t\t\t\t\t\t<h4 class=\"post-item-title\"><a href=\"https:\/\/piscina.esportsmunicipalsalzira.com\/va\/meritoria-victoria-de-un-inter-b-rejuvenecido-ante-el-paterna-ciencias-valencia-29-12\/\">Merit\u00f2ria vict\u00f2ria d&#39;un Inter &#39;B&#39;, rejovenit davant el Paterna Ci\u00e8ncies \/ Val\u00e8ncia (29-12)<\/a><\/h4>\n\t\t\t<\/div>\n<\/div>\n\n\t\n\t\t\t<\/div>\n\t\t<\/div>\n\n\t\n\t\n\t<\/div>[\/vc_column_inner][vc_column_inner width=\u00bb1\/3&#8243;]<div id=\"porto-blog-2782\" class=\"porto-blog wpb_content_element\">\t\t<div class=\"blog-posts posts-grid blog-posts-list\">\n\t\t\t<div class=\"posts-container row\">\n\t\t<div class=\"post post-grid col-md-12 post-title-simple post-3062 post type-post status-publish format-standard has-post-thumbnail hentry category-noticies blog-post-item post-item-list\">\n\t\t\t<div class=\"post-image img-thumbnail\">\n\t\t\t<a href=\"https:\/\/piscina.esportsmunicipalsalzira.com\/va\/meritoria-victoria-de-un-inter-b-rejuvenecido-ante-el-paterna-ciencias-valencia-29-12\/\">\n\t\t\t\t<img width=\"450\" height=\"231\" src=\"https:\/\/piscina.esportsmunicipalsalzira.com\/wp-content\/uploads\/2021\/01\/51024-103845-21831924-450x231.jpg\" alt=\"\" \/>\n\t\t\t<\/a>\n\t\t<\/div>\n\t\t<div class=\"post-item-content\">\n\t\t\t\t\t<span class=\"post-date\">01\/27\/2021<\/span>\n\t\t\t\t\t\t<h5 class=\"post-item-title\"><a href=\"https:\/\/piscina.esportsmunicipalsalzira.com\/va\/meritoria-victoria-de-un-inter-b-rejuvenecido-ante-el-paterna-ciencias-valencia-29-12\/\">Merit\u00f2ria vict\u00f2ria d&#39;un Inter &#39;B&#39;, rejovenit davant el Paterna Ci\u00e8ncies \/ Val\u00e8ncia (29-12)<\/a><\/h5>\n\t\t\t<\/div>\n<\/div>\n<div class=\"post post-grid col-md-12 post-title-simple post-3058 post type-post status-publish format-standard has-post-thumbnail hentry category-noticies blog-post-item post-item-list\">\n\t\t\t<div class=\"post-image img-thumbnail\">\n\t\t\t<a href=\"https:\/\/piscina.esportsmunicipalsalzira.com\/va\/manu-canet-sha-proclamat-bronze-despanya-a-la-prova-de-llancament-de-pes-sub16\/\">\n\t\t\t\t<img width=\"450\" height=\"231\" src=\"https:\/\/piscina.esportsmunicipalsalzira.com\/wp-content\/uploads\/2021\/01\/51120-103979-76486579-450x231.jpg\" alt=\"\" \/>\n\t\t\t<\/a>\n\t\t<\/div>\n\t\t<div class=\"post-item-content\">\n\t\t\t\t\t<span class=\"post-date\">01\/27\/2021<\/span>\n\t\t\t\t\t\t<h5 class=\"post-item-title\"><a href=\"https:\/\/piscina.esportsmunicipalsalzira.com\/va\/manu-canet-sha-proclamat-bronze-despanya-a-la-prova-de-llancament-de-pes-sub16\/\">Manu Canet s&#39;a proclamat bronze d&#39;Espanya a la prova de llan\u00e7ament de pes sub-16<\/a><\/h5>\n\t\t\t<\/div>\n<\/div>\n<div class=\"post post-grid col-md-12 post-title-simple post-3055 post type-post status-publish format-standard has-post-thumbnail hentry category-noticies blog-post-item post-item-list\">\n\t\t\t<div class=\"post-image img-thumbnail\">\n\t\t\t<a href=\"https:\/\/piscina.esportsmunicipalsalzira.com\/va\/el-nou-basquet-alzira-torna-amb-bones-sensacions\/\">\n\t\t\t\t<img width=\"450\" height=\"231\" src=\"https:\/\/piscina.esportsmunicipalsalzira.com\/wp-content\/uploads\/2021\/01\/51210-104093-99718792-450x231.jpg\" alt=\"\" \/>\n\t\t\t<\/a>\n\t\t<\/div>\n\t\t<div class=\"post-item-content\">\n\t\t\t\t\t<span class=\"post-date\">01\/27\/2021<\/span>\n\t\t\t\t\t\t<h5 class=\"post-item-title\"><a href=\"https:\/\/piscina.esportsmunicipalsalzira.com\/va\/el-nou-basquet-alzira-torna-amb-bones-sensacions\/\">El Nou B\u00e0squet Alzira torna amb bones sensacions<\/a><\/h5>\n\t\t\t<\/div>\n<\/div>\n\n\t\n\t\t\t<\/div>\n\t\t<\/div>\n\n\t\n\t\n\t<\/div>[\/vc_column_inner][vc_column_inner width=\u00bb1\/3&#8243;]<div id=\"porto-blog-4272\" class=\"porto-blog wpb_content_element\">\t\t<div class=\"blog-posts posts-grid blog-posts-widget\">\n\t\t\t<div class=\"posts-container row\">\n\t\t<div class=\"post post-grid col-md-12 post-title-simple post-3062 post type-post status-publish format-standard has-post-thumbnail hentry category-noticies blog-post-item post-item-small\">\n\t\t\t<div class=\"post-image img-thumbnail\">\n\t\t\t<a href=\"https:\/\/piscina.esportsmunicipalsalzira.com\/va\/meritoria-victoria-de-un-inter-b-rejuvenecido-ante-el-paterna-ciencias-valencia-29-12\/\">\n\t\t\t\t<img width=\"85\" height=\"85\" src=\"https:\/\/piscina.esportsmunicipalsalzira.com\/wp-content\/uploads\/2021\/01\/51024-103845-21831924-85x85.jpg\" alt=\"\" \/>\n\t\t\t<\/a>\n\t\t<\/div>\n\t\t<div class=\"post-item-content\">\n\t\t\t\t\t<span class=\"post-date\">01\/27\/2021<\/span>\n\t\t\t\t\t\t<h5 class=\"post-item-title\"><a href=\"https:\/\/piscina.esportsmunicipalsalzira.com\/va\/meritoria-victoria-de-un-inter-b-rejuvenecido-ante-el-paterna-ciencias-valencia-29-12\/\">Merit\u00f2ria vict\u00f2ria d&#39;un Inter &#39;B&#39;, rejovenit davant el Paterna Ci\u00e8ncies \/ Val\u00e8ncia (29-12)<\/a><\/h5>\n\t\t\t<\/div>\n<\/div>\n<div class=\"post post-grid col-md-12 post-title-simple post-3058 post type-post status-publish format-standard has-post-thumbnail hentry category-noticies blog-post-item post-item-small\">\n\t\t\t<div class=\"post-image img-thumbnail\">\n\t\t\t<a href=\"https:\/\/piscina.esportsmunicipalsalzira.com\/va\/manu-canet-sha-proclamat-bronze-despanya-a-la-prova-de-llancament-de-pes-sub16\/\">\n\t\t\t\t<img width=\"85\" height=\"85\" src=\"https:\/\/piscina.esportsmunicipalsalzira.com\/wp-content\/uploads\/2021\/01\/51120-103979-76486579-85x85.jpg\" alt=\"\" \/>\n\t\t\t<\/a>\n\t\t<\/div>\n\t\t<div class=\"post-item-content\">\n\t\t\t\t\t<span class=\"post-date\">01\/27\/2021<\/span>\n\t\t\t\t\t\t<h5 class=\"post-item-title\"><a href=\"https:\/\/piscina.esportsmunicipalsalzira.com\/va\/manu-canet-sha-proclamat-bronze-despanya-a-la-prova-de-llancament-de-pes-sub16\/\">Manu Canet s&#39;a proclamat bronze d&#39;Espanya a la prova de llan\u00e7ament de pes sub-16<\/a><\/h5>\n\t\t\t<\/div>\n<\/div>\n<div class=\"post post-grid col-md-12 post-title-simple post-3055 post type-post status-publish format-standard has-post-thumbnail hentry category-noticies blog-post-item post-item-small\">\n\t\t\t<div class=\"post-image img-thumbnail\">\n\t\t\t<a href=\"https:\/\/piscina.esportsmunicipalsalzira.com\/va\/el-nou-basquet-alzira-torna-amb-bones-sensacions\/\">\n\t\t\t\t<img width=\"85\" height=\"85\" src=\"https:\/\/piscina.esportsmunicipalsalzira.com\/wp-content\/uploads\/2021\/01\/51210-104093-99718792-85x85.jpg\" alt=\"\" \/>\n\t\t\t<\/a>\n\t\t<\/div>\n\t\t<div class=\"post-item-content\">\n\t\t\t\t\t<span class=\"post-date\">01\/27\/2021<\/span>\n\t\t\t\t\t\t<h5 class=\"post-item-title\"><a href=\"https:\/\/piscina.esportsmunicipalsalzira.com\/va\/el-nou-basquet-alzira-torna-amb-bones-sensacions\/\">El Nou B\u00e0squet Alzira torna amb bones sensacions<\/a><\/h5>\n\t\t\t<\/div>\n<\/div>\n\n\t\n\t\t\t<\/div>\n\t\t<\/div>\n\n\t\n\t\n\t<\/div>[\/vc_column_inner][\/vc_row_inner][\/vc_column][\/vc_row]<\/p>","protected":false},"excerpt":{"rendered":"<p>[vc_row][vc_column][vc_custom_heading text=\u00bbPosts Shortcodes\u00bb use_theme_fonts=\u00bbyes\u00bb el_class=\u00bbshorter\u00bb][vc_column_text]You can show the posts with Porto Blog, Porto Recent Posts shortcodes.[\/vc_column_text][vc_separator color=\u00bbcustom\u00bb gap=\u00bbtall\u00bb gradient=\u00bbyes\u00bb][\/vc_column][\/vc_row][vc_row][vc_column][vc_empty_space height=\u00bb20px\u00bb][\/vc_column][\/vc_row][vc_row][vc_column][vc_separator color=\u00bbcustom\u00bb gap=\u00bbtall\u00bb gradient=\u00bbyes\u00bb][vc_empty_space height=\u00bb20px\u00bb][\/vc_column][\/vc_row][vc_row][vc_column][vc_separator color=\u00bbcustom\u00bb gap=\u00bbtall\u00bb gradient=\u00bbyes\u00bb][vc_empty_space height=\u00bb20px\u00bb][\/vc_column][\/vc_row][vc_row][vc_column][vc_separator color=\u00bbcustom\u00bb gap=\u00bbtall\u00bb gradient=\u00bbyes\u00bb][vc_empty_space height=\u00bb20px\u00bb][\/vc_column][\/vc_row][vc_row][vc_column][vc_separator color=\u00bbcustom\u00bb gap=\u00bbtall\u00bb gradient=\u00bbyes\u00bb][vc_empty_space height=\u00bb20px\u00bb][\/vc_column][\/vc_row][vc_row][vc_column][vc_separator color=\u00bbcustom\u00bb gap=\u00bbtall\u00bb gradient=\u00bbyes\u00bb][vc_empty_space height=\u00bb20px\u00bb][\/vc_column][\/vc_row][vc_row][vc_column][vc_separator color=\u00bbcustom\u00bb gap=\u00bbtall\u00bb gradient=\u00bbyes\u00bb][vc_empty_space height=\u00bb20px\u00bb][\/vc_column][\/vc_row][vc_row][vc_column][vc_separator color=\u00bbcustom\u00bb gap=\u00bbtall\u00bb gradient=\u00bbyes\u00bb][vc_empty_space height=\u00bb20px\u00bb][\/vc_column][\/vc_row][vc_row][vc_column][vc_separator color=\u00bbcustom\u00bb gap=\u00bbtall\u00bb gradient=\u00bbyes\u00bb][\/vc_column][\/vc_row][vc_row][vc_column][vc_custom_heading text=\u00bbPost Layouts\u00bb use_theme_fonts=\u00bbyes\u00bb el_class=\u00bbshorter\u00bb][vc_separator [&hellip;]<\/p>","protected":false},"author":1,"featured_media":0,"parent":0,"menu_order":0,"comment_status":"closed","ping_status":"closed","template":"","meta":[],"_links":{"self":[{"href":"https:\/\/piscina.esportsmunicipalsalzira.com\/va\/wp-json\/wp\/v2\/pages\/657"}],"collection":[{"href":"https:\/\/piscina.esportsmunicipalsalzira.com\/va\/wp-json\/wp\/v2\/pages"}],"about":[{"href":"https:\/\/piscina.esportsmunicipalsalzira.com\/va\/wp-json\/wp\/v2\/types\/page"}],"author":[{"embeddable":true,"href":"https:\/\/piscina.esportsmunicipalsalzira.com\/va\/wp-json\/wp\/v2\/users\/1"}],"replies":[{"embeddable":true,"href":"https:\/\/piscina.esportsmunicipalsalzira.com\/va\/wp-json\/wp\/v2\/comments?post=657"}],"version-history":[{"count":0,"href":"https:\/\/piscina.esportsmunicipalsalzira.com\/va\/wp-json\/wp\/v2\/pages\/657\/revisions"}],"wp:attachment":[{"href":"https:\/\/piscina.esportsmunicipalsalzira.com\/va\/wp-json\/wp\/v2\/media?parent=657"}],"curies":[{"name":"wp","href":"https:\/\/api.w.org\/{rel}","templated":true}]}}